{"id":7726,"date":"2022-03-25T13:28:52","date_gmt":"2022-03-25T12:28:52","guid":{"rendered":"https:\/\/stolavsleden.com\/?page_id=7726"},"modified":"2022-07-05T11:26:21","modified_gmt":"2022-07-05T09:26:21","slug":"tillsammansvandring","status":"publish","type":"page","link":"https:\/\/stolavsleden.com\/sv\/tillsammansvandring\/","title":{"rendered":"Tillsammansvandring l\u00e4ngs S:t Olavsleden"},"content":{"rendered":"\t\t<div data-elementor-type=\"wp-page\" data-elementor-id=\"7726\" class=\"elementor elementor-7726\" data-elementor-post-type=\"page\">\n\t\t\t\t\t\t<section class=\"elementor-section elementor-top-section elementor-element elementor-element-13c25f9 elementor-section-boxed elementor-section-height-default elementor-section-height-default\" data-id=\"13c25f9\" data-element_type=\"section\" data-e-type=\"section\">\n\t\t\t\t\t\t<div class=\"elementor-container elementor-column-gap-default\">\n\t\t\t\t\t<div class=\"elementor-column elementor-col-50 elementor-top-column elementor-element elementor-element-f93a845\" data-id=\"f93a845\" data-element_type=\"column\" data-e-type=\"column\">\n\t\t\t<div class=\"elementor-widget-wrap elementor-element-populated\">\n\t\t\t\t\t\t<section class=\"elementor-section elementor-inner-section elementor-element elementor-element-868facb elementor-section-boxed elementor-section-height-default elementor-section-height-default\" data-id=\"868facb\" data-element_type=\"section\" data-e-type=\"section\">\n\t\t\t\t\t\t<div class=\"elementor-container elementor-column-gap-default\">\n\t\t\t\t\t<div class=\"elementor-column elementor-col-50 elementor-inner-column elementor-element elementor-element-0485be7\" data-id=\"0485be7\" data-element_type=\"column\" data-e-type=\"column\">\n\t\t\t<div class=\"elementor-widget-wrap elementor-element-populated\">\n\t\t\t\t\t\t<div class=\"elementor-element elementor-element-1e56e51 elementor-widget elementor-widget-image\" data-id=\"1e56e51\" data-element_type=\"widget\" data-e-type=\"widget\" data-widget_type=\"image.default\">\n\t\t\t\t<div class=\"elementor-widget-container\">\n\t\t\t\t\t\t\t\t\t\t\t\t\t\t\t<img fetchpriority=\"high\" decoding=\"async\" width=\"640\" height=\"657\" src=\"https:\/\/stolavsleden.com\/wp-content\/uploads\/2022\/03\/Tillsammansvandring-Svensk-verion-08.png\" class=\"attachment-large size-large wp-image-7766\" alt=\"\" srcset=\"https:\/\/stolavsleden.com\/wp-content\/uploads\/2022\/03\/Tillsammansvandring-Svensk-verion-08.png 772w, https:\/\/stolavsleden.com\/wp-content\/uploads\/2022\/03\/Tillsammansvandring-Svensk-verion-08-768x788.png 768w\" sizes=\"(max-width: 640px) 100vw, 640px\" \/>\t\t\t\t\t\t\t\t\t\t\t\t\t\t\t<\/div>\n\t\t\t\t<\/div>\n\t\t\t\t\t<\/div>\n\t\t<\/div>\n\t\t\t\t<div class=\"elementor-column elementor-col-50 elementor-inner-column elementor-element elementor-element-88ada54\" data-id=\"88ada54\" data-element_type=\"column\" data-e-type=\"column\">\n\t\t\t<div class=\"elementor-widget-wrap elementor-element-populated\">\n\t\t\t\t\t\t<div class=\"elementor-element elementor-element-e43fa4a elementor-widget elementor-widget-text-editor\" data-id=\"e43fa4a\" data-element_type=\"widget\" data-e-type=\"widget\" data-widget_type=\"text-editor.default\">\n\t\t\t\t<div class=\"elementor-widget-container\">\n\t\t\t\t\t\t\t\t\t<p><strong>Vandringen \u00e4r i sin helhet 58 mil, men du erbjuds att f\u00f6lja med s\u00e5 l\u00e5ngt eller kort du vill. Vandringen b\u00f6rjar klockan 8.00 varje morgon. Anslut p\u00e5 morgonen den dag du \u00f6nskar b\u00f6rja och avsluta n\u00e4r det passar dig. Boende och mat betala du sj\u00e4lv. Det vi g\u00f6r tillsammans \u00e4r sj\u00e4lva vandringen. Under tystnad och med samtal om livet, naturen, framtiden, v\u00e4rlden.<\/strong><\/p>\t\t\t\t\t\t\t\t<\/div>\n\t\t\t\t<\/div>\n\t\t\t\t\t<\/div>\n\t\t<\/div>\n\t\t\t\t\t<\/div>\n\t\t<\/section>\n\t\t\t\t<div class=\"elementor-element elementor-element-1b08e38 elementor-widget elementor-widget-text-editor\" data-id=\"1b08e38\" data-element_type=\"widget\" data-e-type=\"widget\" data-widget_type=\"text-editor.default\">\n\t\t\t\t<div class=\"elementor-widget-container\">\n\t\t\t\t\t\t\t\t\t<p><span style=\"color: var( --e-global-color-71ccf404 );\">Det finns en vandringskompis som har ansvar f\u00f6r varje dags vandring. En person som kan svara p\u00e5 fr\u00e5gor, ber\u00e4tta om platser vi passerar eller om S:t Olavsleden i sin helhet. Det \u00e4r inte en guide utan mer en kompis att h\u00e5lla i handen. Vandringen inklusive packning och f\u00f6rberedelser beh\u00f6ver du ta ansvar f\u00f6r sj\u00e4lv.<\/span><\/p><p>F\u00f6r 25 \u00e5r sedan invigde Norge och Trondheim sin stora pilgrimssatsning med flera pilgrimsleder som alla g\u00e5r in mot Nidarosdomen. I \u00e5r hoppas vi b\u00e5de f\u00e5 fira Norges satsning genom att g\u00e5 tillsammans dit, och fira att vi har en \u00f6ppen gr\u00e4ns igen efter tv\u00e5 \u00e5r av pandemirestriktioner.<\/p><p><strong>Mat och boende<\/strong><br \/>Vid anm\u00e4lan f\u00e5r du ange om du \u00f6nskar hj\u00e4lp att boka boende, frukost och middag. Detta l\u00f6ser vi d\u00e5 till sj\u00e4lvkostnadspris och ungef\u00e4rligt pris st\u00e5r n\u00e4r du bokar. Du betalar sj\u00e4lv p\u00e5 plats hos den logi-akt\u00f6r som finns eller den middagsplats vi v\u00e4ljer.<\/p><p><strong>Boka en plats<br \/><\/strong>Vi har inga begr\u00e4nsningar p\u00e5 antal deltagare men om boendet en viss dag blir fullbokat kommer vi erbjuda t\u00e4lt eller neka fler deltagare. Du v\u00e4ljer sj\u00e4lv om du vandrar en eller flera dagar.\u00a0<\/p><p><strong>Kompletterande aktiviteter<\/strong><br \/>Vid vissa platser kommer n\u00e5gon aktivitet att ske som inte \u00e4r vandring. Dessa extra aktiviteter fylls p\u00e5 i programmet allt eftersom de blir klara.<\/p><p>\u2022 <strong>5 juli, Rundvandring med historik och bikunskap p\u00e5 Bakg\u00e5rden<\/strong><br \/>Kerstin Hyl\u00e9n, som tillsammans med Gustav Hyl\u00e9n, driver Bakg\u00e5rden i Revsund visar runt och ber\u00e4ttar g\u00e5rdens historia samt delar med sig av bikunskap.\u00a0<\/p><p>\u2022 <strong>9 juli, Musik, kyrkovisning och meditation<\/strong><br \/>P\u00e5 str\u00e4ckan \u00d6stersund &#8211; R\u00f6d\u00f6n blir det vandring med musik- och s\u00e5nginslag, kyrkovisning av Fr\u00f6s\u00f6 kyrka, s\u00e4ndning och avslutande meditation. Start 08:00 i Badhusparken, \u00d6stersund. <a href=\"https:\/\/docs.google.com\/forms\/d\/e\/1FAIpQLSekcSa88LC8N5AYLrBb9f_SKRaJSkx93udxxQ5uHqhrGUD8ig\/viewform\" target=\"_blank\" rel=\"noopener\">Anm\u00e4l dig h\u00e4r<\/a> (endast anm\u00e4lan utan boende tillg\u00e4nglig)<strong><br \/><\/strong><\/p><p class=\"xmsonormal\">\u2022 <strong>13 juli, 19:30<\/strong> <b>Guidning av H\u00e5llandsg\u00e5rdens stavkyrka och Pilgrimsm\u00e4ssa\u00a0<br \/><\/b>F\u00f6lj med p\u00e5 guidad visning av H\u00e5llandsg\u00e5rdens vackra stavkyrka och h\u00f6r ber\u00e4ttelsen om hur den kom till. D\u00e4refter f\u00f6ljer Pilgrimsm\u00e4ssa tillsammans med Under\u00e5kers f\u00f6rsamling. <a href=\"https:\/\/fb.me\/e\/4W0bjzsI7\" target=\"_blank\" rel=\"noopener\">L\u00e4s mer h\u00e4r.<\/a><\/p><p>\u2022 <strong>28 juli, 08:30<\/strong> <strong>F\u00f6rest\u00e4llningen En Nordisk Historia och frukost p\u00e5 Lian, Trondheim<\/strong> <br \/>Den \u00e5rliga pilgrimsfrukosten p\u00e5 Lian, som markerar slutet p\u00e5 en l\u00e5ng vandring &#8211; och starten p\u00e5 Olavsfesten &#8211; kryddas i \u00e5r med ber\u00e4ttar- och musikf\u00f6rest\u00e4llningen En nordisk historia. H\u00e4r m\u00f6ts vandrare fr\u00e5n de tv\u00e5 pilgrimslederna S:t Olavsleden och Guldbrandsleden f\u00f6r att efter frukost och konsert gemensamt vandra till Nidarosdomen. <a href=\"https:\/\/fb.me\/e\/2xDPkOnKM\" target=\"_blank\" rel=\"noopener\">L\u00e4s mer h\u00e4r.<\/a>\u00a0<\/p><p><strong>\u00a0<\/strong><\/p>\t\t\t\t\t\t\t\t<\/div>\n\t\t\t\t<\/div>\n\t\t\t\t<div class=\"elementor-element elementor-element-40e41f8 elementor-widget elementor-widget-button\" data-id=\"40e41f8\" data-element_type=\"widget\" data-e-type=\"widget\" data-widget_type=\"button.default\">\n\t\t\t\t<div class=\"elementor-widget-container\">\n\t\t\t\t\t\t\t\t\t<div class=\"elementor-button-wrapper\">\n\t\t\t\t\t<a class=\"elementor-button elementor-button-link elementor-size-sm\" href=\"https:\/\/stolavsleden.com\/wp-content\/uploads\/2022\/06\/Vandringsplanering_v4.pdf\" target=\"_blank\">\n\t\t\t\t\t\t<span class=\"elementor-button-content-wrapper\">\n\t\t\t\t\t\t\t\t\t<span class=\"elementor-button-text\">\u00d6versikt boende (PDF)<\/span>\n\t\t\t\t\t<\/span>\n\t\t\t\t\t<\/a>\n\t\t\t\t<\/div>\n\t\t\t\t\t\t\t\t<\/div>\n\t\t\t\t<\/div>\n\t\t\t\t<div class=\"elementor-element elementor-element-e26b663 elementor-widget elementor-widget-button\" data-id=\"e26b663\" data-element_type=\"widget\" data-e-type=\"widget\" data-widget_type=\"button.default\">\n\t\t\t\t<div class=\"elementor-widget-container\">\n\t\t\t\t\t\t\t\t\t<div class=\"elementor-button-wrapper\">\n\t\t\t\t\t<a class=\"elementor-button elementor-button-link elementor-size-sm\" href=\"https:\/\/docs.google.com\/forms\/d\/e\/1FAIpQLSekcSa88LC8N5AYLrBb9f_SKRaJSkx93udxxQ5uHqhrGUD8ig\/viewform\" target=\"_blank\" rel=\"noopener\">\n\t\t\t\t\t\t<span class=\"elementor-button-content-wrapper\">\n\t\t\t\t\t\t\t\t\t<span class=\"elementor-button-text\">Anm\u00e4lan<\/span>\n\t\t\t\t\t<\/span>\n\t\t\t\t\t<\/a>\n\t\t\t\t<\/div>\n\t\t\t\t\t\t\t\t<\/div>\n\t\t\t\t<\/div>\n\t\t\t\t\t<\/div>\n\t\t<\/div>\n\t\t\t\t<div class=\"elementor-column elementor-col-50 elementor-top-column elementor-element elementor-element-28e9ded\" data-id=\"28e9ded\" data-element_type=\"column\" data-e-type=\"column\" data-settings=\"{&quot;background_background&quot;:&quot;classic&quot;}\">\n\t\t\t<div class=\"elementor-widget-wrap elementor-element-populated\">\n\t\t\t\t\t\t<div class=\"elementor-element elementor-element-cf5e22f elementor-widget elementor-widget-heading\" data-id=\"cf5e22f\" data-element_type=\"widget\" data-e-type=\"widget\" data-widget_type=\"heading.default\">\n\t\t\t\t<div class=\"elementor-widget-container\">\n\t\t\t\t\t<h4 class=\"elementor-heading-title elementor-size-default\">H\u00c5LL DIG UPPDTERAD!<\/h4>\t\t\t\t<\/div>\n\t\t\t\t<\/div>\n\t\t\t\t<div class=\"elementor-element elementor-element-0699ec3 elementor-widget elementor-widget-text-editor\" data-id=\"0699ec3\" data-element_type=\"widget\" data-e-type=\"widget\" data-widget_type=\"text-editor.default\">\n\t\t\t\t<div class=\"elementor-widget-container\">\n\t\t\t\t\t\t\t\t\t<p>I Facebookgruppen Tillsammansvandring 2022 hittar du aktuell information, uppdateringar och tips!<\/p>\t\t\t\t\t\t\t\t<\/div>\n\t\t\t\t<\/div>\n\t\t\t\t<div class=\"elementor-element elementor-element-96c5f2e elementor-widget elementor-widget-button\" data-id=\"96c5f2e\" data-element_type=\"widget\" data-e-type=\"widget\" data-widget_type=\"button.default\">\n\t\t\t\t<div class=\"elementor-widget-container\">\n\t\t\t\t\t\t\t\t\t<div class=\"elementor-button-wrapper\">\n\t\t\t\t\t<a class=\"elementor-button elementor-button-link elementor-size-sm\" href=\"https:\/\/www.facebook.com\/groups\/2076448015867105\" target=\"_blank\" rel=\"noopener\">\n\t\t\t\t\t\t<span class=\"elementor-button-content-wrapper\">\n\t\t\t\t\t\t\t\t\t<span class=\"elementor-button-text\">Tillsammansvandring 2022<\/span>\n\t\t\t\t\t<\/span>\n\t\t\t\t\t<\/a>\n\t\t\t\t<\/div>\n\t\t\t\t\t\t\t\t<\/div>\n\t\t\t\t<\/div>\n\t\t\t\t<div class=\"elementor-element elementor-element-b8cd4a3 elementor-widget elementor-widget-heading\" data-id=\"b8cd4a3\" data-element_type=\"widget\" data-e-type=\"widget\" data-widget_type=\"heading.default\">\n\t\t\t\t<div class=\"elementor-widget-container\">\n\t\t\t\t\t<h4 class=\"elementor-heading-title elementor-size-default\">DELSTR\u00c4CKOR<\/h4>\t\t\t\t<\/div>\n\t\t\t\t<\/div>\n\t\t\t\t<div class=\"elementor-element elementor-element-70c86dd elementor-widget elementor-widget-text-editor\" data-id=\"70c86dd\" data-element_type=\"widget\" data-e-type=\"widget\" data-widget_type=\"text-editor.default\">\n\t\t\t\t<div class=\"elementor-widget-container\">\n\t\t\t\t\t\t\t\t\t<p>Vi startar den 29 juni klockan \u00e5tta i Sel\u00e5nger utanf\u00f6r Sundsvall och p\u00e5b\u00f6rjar vandringen v\u00e4sterut. Den 4 maj \u00f6ppnar anm\u00e4lan.<\/p>\t\t\t\t\t\t\t\t<\/div>\n\t\t\t\t<\/div>\n\t\t\t\t<div class=\"elementor-element elementor-element-b22ebc6 elementor-widget-mobile__width-inherit pp-table-center elementor-widget elementor-widget-pp-table\" data-id=\"b22ebc6\" data-element_type=\"widget\" data-e-type=\"widget\" data-settings=\"{&quot;table_type&quot;:&quot;normal&quot;}\" data-widget_type=\"pp-table.default\">\n\t\t\t\t<div class=\"elementor-widget-container\">\n\t\t\t\t\t\t\t<div class=\"pp-table-container\">\n\t\t\t<table \n\t\t\tclass=\"pp-table tablesaw\"\t\t\t\t>\n\t\t\t\t\t\t\t<colgroup>\n\t\t\t\t\t\t\t\t<col\n\t\t\t\t\tspan=\"1\"\n\t\t\t\t\tclass=\"elementor-repeater-item-9114262\"\n\t\t\t\t\t\t\t\t\t\t\tstyle=\"\n\t\t\t\t\t\t\t\t\t\t\t\t\t\t\t\t\t\t\t\t\"\n\t\t\t\t\t\t\t\t\t\t>\n\t\t\t\t\t\t\t<\/colgroup>\n\t\t\t\t\t\t<thead>\n\t\t\t\t<tr class=\"pp-table-row\">\n\t\t\t\t\t<th class=\"pp-table-cell pp-table-cell-31620ab\"><span class=\"pp-table-cell-content\"><span class=\"pp-table-cell-text\">Datum<\/span><\/span><\/th><th class=\"pp-table-cell pp-table-cell-ccf6c89\"><span class=\"pp-table-cell-content\"><span class=\"pp-table-cell-text\">Str\u00e4cka<\/span><\/span><\/th><th class=\"pp-table-cell pp-table-cell-26677fb\"><span class=\"pp-table-cell-content\"><span class=\"pp-table-cell-text\">L\u00e4ngd<\/span><\/span><\/th>\t\t\t\t<\/tr>\n\t\t\t<\/thead>\n\t\t\t\t\t<tfoot>\n\t\t\t<\/tr>\t\t<\/tfoot>\n\t\t\t\t<tbody>\n\t\t\t<tr ><td class=\"pp-table-cell pp-table-cell-b106d99\"><span class=\"pp-table-cell-content\"><span class=\"pp-table-cell-text\">29 juni<br>\n30 juni<br>\n01 juli<br>\n02 juli<br>\n03 juli<br>\n04 juli<br>\n05 juli<br>\n06 juli<br>\n07 juli<br>\n08 juli<br>\n09 juli<br>\n10 juli<br>\n11 juli<br>\n12 juli<br>\n13 juli<br>\n14 juli<br>\n15 juli<br>\n16 juli<br>\n17 juli<br>\n18 juli<br>\n19 juli<br>\n20 juli<br>\n21 juli<br>\n22 juli<br>\n23 juli<br>\n24 juli<br>\n25 juli<br>\n26 juli<br>\n27 juli<br><\/span><\/span><\/td><td class=\"pp-table-cell pp-table-cell-12581ff\"><span class=\"pp-table-cell-content\"><span class=\"pp-table-cell-text\">Sel\u00e5nger-Matfors<br>\nMatfors-St\u00f6de<br>\nSt\u00f6de-Torpshammar<br>\nTorpshammar-Borgsj\u00f6<br>\nBorgsj\u00f6-Lomb\u00e4cken<br>\nLomb\u00e4cken-Br\u00e4cke<br>\nBr\u00e4cke-G\u00e4ll\u00f6<br>\nG\u00e4ll\u00f6-Pilgrimstad<br>\nPilgrimstad-Brunflo<br>\nBrunflo-\u00d6stersund<br>\n\u00d6stersund-R\u00f6d\u00f6n<br>\nR\u00f6d\u00f6n-N\u00e4lden\/Vaplan<br>\nN\u00e4lden\/Vaplan-Alsen<br>\nAlsen-M\u00f6rsil<br>\nM\u00f6rsil-H\u00e5llandsg\u00e5rden<br>\nH\u00e5llandsg\u00e5rden-\u00c5re<br>\n\u00c5re-T\u00e4nnforsen<br>\nT\u00e4nnforsen-Medstugan<br>\nMedstugan-Skalstugan<br>\nSkalstugan-Sul<br>\nSul-Vuku<br>\nVuku-Stiklestad<br>\nStiklestad-Munkeby<br>\nMunkeby-Markabygda<br>\nMarkabygda-Bor\u00e5s<br>\nBor\u00e5s-Ersgard<br>\nErsgard-Folden<br>\nFolden-Vikhammar<br>\nVikhammar-Trondheim<br><\/span><\/span><\/td><td class=\"pp-table-cell pp-table-cell-2b020f1\"><span class=\"pp-table-cell-content\"><span class=\"pp-table-cell-text\">17,5 km<br>\n26,5 km<br>\n17 km<br>\n25 km<br>\n16 km<br>\n25 km<br>\n27 km<br>\n18 km<br>\n22,5 km<br>\n15,5 km<br>\n19,5 km<br>\n16 km<br>\n20 km<br>\n26 km<br>\n19 km<br>\n23 km<br>\n22 km<br>\n23 km<br>\n10,5 km<br>\n21 km<br>\n27,5 km<br>\n12 km<br>\n20 km<br>\n20,5 km<br>\n20 km<br>\n19 km<br>\n21 km<br>\n16 km<br>\n16 km<br><\/span><\/span><\/td><\/tr><tr ><\/tr>\t\t<\/tbody>\n\t\t\t\t\t<\/table>\n\t\t<\/div>\n\t\t\t\t\t\t<\/div>\n\t\t\t\t<\/div>\n\t\t\t\t\t<\/div>\n\t\t<\/div>\n\t\t\t\t\t<\/div>\n\t\t<\/section>\n\t\t\t\t<section class=\"elementor-section elementor-top-section elementor-element elementor-element-0bc1d87 elementor-section-boxed elementor-section-height-default elementor-section-height-default\" data-id=\"0bc1d87\" data-element_type=\"section\" data-e-type=\"section\">\n\t\t\t\t\t\t<div class=\"elementor-container elementor-column-gap-default\">\n\t\t\t\t\t<div class=\"elementor-column elementor-col-100 elementor-top-column elementor-element elementor-element-d6c4132\" data-id=\"d6c4132\" data-element_type=\"column\" data-e-type=\"column\">\n\t\t\t<div class=\"elementor-widget-wrap elementor-element-populated\">\n\t\t\t\t\t\t<div class=\"elementor-element elementor-element-ea10c88 elementor-widget elementor-widget-heading\" data-id=\"ea10c88\" data-element_type=\"widget\" data-e-type=\"widget\" data-widget_type=\"heading.default\">\n\t\t\t\t<div class=\"elementor-widget-container\">\n\t\t\t\t\t<h2 class=\"elementor-heading-title elementor-size-default\">Fr\u00e5gor och svar om Tillsammansvandringen<\/h2>\t\t\t\t<\/div>\n\t\t\t\t<\/div>\n\t\t\t\t\t<\/div>\n\t\t<\/div>\n\t\t\t\t\t<\/div>\n\t\t<\/section>\n\t\t\t\t<section class=\"elementor-section elementor-top-section elementor-element elementor-element-2599ea9 elementor-section-boxed elementor-section-height-default elementor-section-height-default\" data-id=\"2599ea9\" data-element_type=\"section\" data-e-type=\"section\">\n\t\t\t\t\t\t<div class=\"elementor-container elementor-column-gap-default\">\n\t\t\t\t\t<div class=\"elementor-column elementor-col-50 elementor-top-column elementor-element elementor-element-3ad70fd\" data-id=\"3ad70fd\" data-element_type=\"column\" data-e-type=\"column\">\n\t\t\t<div class=\"elementor-widget-wrap elementor-element-populated\">\n\t\t\t\t\t\t<div class=\"elementor-element elementor-element-ce1ccda elementor-widget elementor-widget-toggle\" data-id=\"ce1ccda\" data-element_type=\"widget\" data-e-type=\"widget\" data-widget_type=\"toggle.default\">\n\t\t\t\t<div class=\"elementor-widget-container\">\n\t\t\t\t\t\t\t<div class=\"elementor-toggle\">\n\t\t\t\t\t\t\t<div class=\"elementor-toggle-item\">\n\t\t\t\t\t<div id=\"elementor-tab-title-2161\" class=\"elementor-tab-title\" data-tab=\"1\" role=\"button\" aria-controls=\"elementor-tab-content-2161\" aria-expanded=\"false\">\n\t\t\t\t\t\t\t\t\t\t\t\t<span class=\"elementor-toggle-icon elementor-toggle-icon-left\" aria-hidden=\"true\">\n\t\t\t\t\t\t\t\t\t\t\t\t\t\t\t<span class=\"elementor-toggle-icon-closed\"><i class=\"fas fa-angle-down\"><\/i><\/span>\n\t\t\t\t\t\t\t\t<span class=\"elementor-toggle-icon-opened\"><i class=\"elementor-toggle-icon-opened fas fa-angle-up\"><\/i><\/span>\n\t\t\t\t\t\t\t\t\t\t\t\t\t<\/span>\n\t\t\t\t\t\t\t\t\t\t\t\t<a class=\"elementor-toggle-title\" tabindex=\"0\">Kan jag v\u00e4lja att bara vandra en eller tv\u00e5 str\u00e4ckor?<\/a>\n\t\t\t\t\t<\/div>\n\n\t\t\t\t\t<div id=\"elementor-tab-content-2161\" class=\"elementor-tab-content elementor-clearfix\" data-tab=\"1\" role=\"region\" aria-labelledby=\"elementor-tab-title-2161\"><p>Absolut, du v\u00e4ljer sj\u00e4lv hur m\u00e5nga dagar du vill delta. Du kan \u00e4ven v\u00e4lja att under dagen g\u00e5 sj\u00e4lv och sedan ansluta vid boendet p\u00e5 kv\u00e4llen.<\/p><\/div>\n\t\t\t\t<\/div>\n\t\t\t\t\t\t\t<div class=\"elementor-toggle-item\">\n\t\t\t\t\t<div id=\"elementor-tab-title-2162\" class=\"elementor-tab-title\" data-tab=\"2\" role=\"button\" aria-controls=\"elementor-tab-content-2162\" aria-expanded=\"false\">\n\t\t\t\t\t\t\t\t\t\t\t\t<span class=\"elementor-toggle-icon elementor-toggle-icon-left\" aria-hidden=\"true\">\n\t\t\t\t\t\t\t\t\t\t\t\t\t\t\t<span class=\"elementor-toggle-icon-closed\"><i class=\"fas fa-angle-down\"><\/i><\/span>\n\t\t\t\t\t\t\t\t<span class=\"elementor-toggle-icon-opened\"><i class=\"elementor-toggle-icon-opened fas fa-angle-up\"><\/i><\/span>\n\t\t\t\t\t\t\t\t\t\t\t\t\t<\/span>\n\t\t\t\t\t\t\t\t\t\t\t\t<a class=\"elementor-toggle-title\" tabindex=\"0\">Vad kostar det?<\/a>\n\t\t\t\t\t<\/div>\n\n\t\t\t\t\t<div id=\"elementor-tab-content-2162\" class=\"elementor-tab-content elementor-clearfix\" data-tab=\"2\" role=\"region\" aria-labelledby=\"elementor-tab-title-2162\"><p>Om du vill sova i en riktig s\u00e4ng och f\u00e5 frukost och middag s\u00e5 kan du anm\u00e4la det vid bokning s\u00e5 bokar vi \u00e5t dig. Du f\u00e5r betala sj\u00e4lvkostnadspris f\u00f6r boende och mat, vi tar inget extra. I anm\u00e4lan st\u00e5r det vad det kostar. Priset varierar beroende p\u00e5 vart boendet ligger, service och vad som \u00e4r inkluderat, men ligger p\u00e5 mellan 300- och 900 kr\/natt. Sj\u00e4lva vandringen kostar inget alls.<\/p><\/div>\n\t\t\t\t<\/div>\n\t\t\t\t\t\t\t<div class=\"elementor-toggle-item\">\n\t\t\t\t\t<div id=\"elementor-tab-title-2163\" class=\"elementor-tab-title\" data-tab=\"3\" role=\"button\" aria-controls=\"elementor-tab-content-2163\" aria-expanded=\"false\">\n\t\t\t\t\t\t\t\t\t\t\t\t<span class=\"elementor-toggle-icon elementor-toggle-icon-left\" aria-hidden=\"true\">\n\t\t\t\t\t\t\t\t\t\t\t\t\t\t\t<span class=\"elementor-toggle-icon-closed\"><i class=\"fas fa-angle-down\"><\/i><\/span>\n\t\t\t\t\t\t\t\t<span class=\"elementor-toggle-icon-opened\"><i class=\"elementor-toggle-icon-opened fas fa-angle-up\"><\/i><\/span>\n\t\t\t\t\t\t\t\t\t\t\t\t\t<\/span>\n\t\t\t\t\t\t\t\t\t\t\t\t<a class=\"elementor-toggle-title\" tabindex=\"0\">Hur l\u00e5nga \u00e4r delstr\u00e4ckorna?<\/a>\n\t\t\t\t\t<\/div>\n\n\t\t\t\t\t<div id=\"elementor-tab-content-2163\" class=\"elementor-tab-content elementor-clearfix\" data-tab=\"3\" role=\"region\" aria-labelledby=\"elementor-tab-title-2163\"><p>En dagsvandring \u00e4r mellan 12 kilometer och 27 kilometer. Du m\u00e5ste sj\u00e4lv ta ansvar f\u00f6r att du klarar av och orkar med distansen. Vi har en hel dag p\u00e5 oss s\u00e5 tempot beh\u00f6ver inte vara snabbt, utan hastigheten anpassas efter den dagens deltagare. \u00c4r vi m\u00e5nga kan vi dela upp oss i tv\u00e5 grupper med olika tempo.<\/p><\/div>\n\t\t\t\t<\/div>\n\t\t\t\t\t\t\t<div class=\"elementor-toggle-item\">\n\t\t\t\t\t<div id=\"elementor-tab-title-2164\" class=\"elementor-tab-title\" data-tab=\"4\" role=\"button\" aria-controls=\"elementor-tab-content-2164\" aria-expanded=\"false\">\n\t\t\t\t\t\t\t\t\t\t\t\t<span class=\"elementor-toggle-icon elementor-toggle-icon-left\" aria-hidden=\"true\">\n\t\t\t\t\t\t\t\t\t\t\t\t\t\t\t<span class=\"elementor-toggle-icon-closed\"><i class=\"fas fa-angle-down\"><\/i><\/span>\n\t\t\t\t\t\t\t\t<span class=\"elementor-toggle-icon-opened\"><i class=\"elementor-toggle-icon-opened fas fa-angle-up\"><\/i><\/span>\n\t\t\t\t\t\t\t\t\t\t\t\t\t<\/span>\n\t\t\t\t\t\t\t\t\t\t\t\t<a class=\"elementor-toggle-title\" tabindex=\"0\">Vad ska jag packa?<\/a>\n\t\t\t\t\t<\/div>\n\n\t\t\t\t\t<div id=\"elementor-tab-content-2164\" class=\"elementor-tab-content elementor-clearfix\" data-tab=\"4\" role=\"region\" aria-labelledby=\"elementor-tab-title-2164\"><p>S\u00e5 lite som m\u00f6jligt. D\u00e5 f\u00e5r du den b\u00e4sta vandringsupplevelsen. Du m\u00e5ste sj\u00e4lv ta ansvar f\u00f6r din packning och vad du tar med dig. H\u00e4r finns tips p\u00e5 vad du kan t\u00e4nka p\u00e5. Beroende p\u00e5 hur l\u00e5ngt du t\u00e4nker vandra, vart str\u00e4ckan \u00e4r samt vilket v\u00e4der du f\u00f6rv\u00e4ntas f\u00e5 kan du v\u00e4lja bort och l\u00e4gga till saker.<\/p><\/div>\n\t\t\t\t<\/div>\n\t\t\t\t\t\t\t<div class=\"elementor-toggle-item\">\n\t\t\t\t\t<div id=\"elementor-tab-title-2165\" class=\"elementor-tab-title\" data-tab=\"5\" role=\"button\" aria-controls=\"elementor-tab-content-2165\" aria-expanded=\"false\">\n\t\t\t\t\t\t\t\t\t\t\t\t<span class=\"elementor-toggle-icon elementor-toggle-icon-left\" aria-hidden=\"true\">\n\t\t\t\t\t\t\t\t\t\t\t\t\t\t\t<span class=\"elementor-toggle-icon-closed\"><i class=\"fas fa-angle-down\"><\/i><\/span>\n\t\t\t\t\t\t\t\t<span class=\"elementor-toggle-icon-opened\"><i class=\"elementor-toggle-icon-opened fas fa-angle-up\"><\/i><\/span>\n\t\t\t\t\t\t\t\t\t\t\t\t\t<\/span>\n\t\t\t\t\t\t\t\t\t\t\t\t<a class=\"elementor-toggle-title\" tabindex=\"0\">Jag beh\u00f6ver mer information<\/a>\n\t\t\t\t\t<\/div>\n\n\t\t\t\t\t<div id=\"elementor-tab-content-2165\" class=\"elementor-tab-content elementor-clearfix\" data-tab=\"5\" role=\"region\" aria-labelledby=\"elementor-tab-title-2165\"><p>B\u00f6rja med att l\u00e4sa p\u00e5 stolavsleden.se d\u00e4r st\u00e5r mycket information om leden, kartor, hur den \u00e4r att vandra och artiklar med inspiration fr\u00e5n andra som har vandrat. Du kan ocks\u00e5 g\u00e5 med i facebookgruppen \u201dHiking along stolavsleden\u201d. Det \u00e4r ett \u00f6ppet forum d\u00e4r vandrare som vandrat och vandrare som ska vandra m\u00f6ts. H\u00e4r st\u00e4lls m\u00e5nga fr\u00e5gor och du kan s\u00e4kerligen reda ut dina fr\u00e5getecken. Om det \u00e4r rent konkreta fr\u00e5gor om Tillsammansvandringen som har med logistik, mat eller annat, maila <a href=\"mailto:sofia@aktivut.se\">sofia@aktivut.se <\/a><\/p><\/div>\n\t\t\t\t<\/div>\n\t\t\t\t\t\t\t<div class=\"elementor-toggle-item\">\n\t\t\t\t\t<div id=\"elementor-tab-title-2166\" class=\"elementor-tab-title\" data-tab=\"6\" role=\"button\" aria-controls=\"elementor-tab-content-2166\" aria-expanded=\"false\">\n\t\t\t\t\t\t\t\t\t\t\t\t<span class=\"elementor-toggle-icon elementor-toggle-icon-left\" aria-hidden=\"true\">\n\t\t\t\t\t\t\t\t\t\t\t\t\t\t\t<span class=\"elementor-toggle-icon-closed\"><i class=\"fas fa-angle-down\"><\/i><\/span>\n\t\t\t\t\t\t\t\t<span class=\"elementor-toggle-icon-opened\"><i class=\"elementor-toggle-icon-opened fas fa-angle-up\"><\/i><\/span>\n\t\t\t\t\t\t\t\t\t\t\t\t\t<\/span>\n\t\t\t\t\t\t\t\t\t\t\t\t<a class=\"elementor-toggle-title\" tabindex=\"0\">Jag har ett s\u00e4rskilt behov<\/a>\n\t\t\t\t\t<\/div>\n\n\t\t\t\t\t<div id=\"elementor-tab-content-2166\" class=\"elementor-tab-content elementor-clearfix\" data-tab=\"6\" role=\"region\" aria-labelledby=\"elementor-tab-title-2166\"><p>Vi har inte m\u00f6jlighet att tillgodose s\u00e4rskilda behov d\u00e5 det \u00e4r f\u00f6r stort\/l\u00e5ngt arrangemang och det \u00e4r kostnadsfritt och under eget ansvar. Beh\u00f6ver du ansluta\/avvika tidigare m\u00e5ste du sj\u00e4lv ta ansvar f\u00f6r det. Missar du en t\u00e5ganslutning beh\u00f6ver du v\u00e4nta p\u00e5 n\u00e4sta. Orkar du inte hela str\u00e4ckan hj\u00e4lps vi \u00e5t att l\u00f6sa s\u00e5 att n\u00e5gon av dina anh\u00f6riga informeras och kan h\u00e4mta dig, men vi kan inte tillhandah\u00e5lla skjuts.<\/p><p>Om du bokat mat s\u00e5 har du m\u00f6jlighet att anm\u00e4la matallergier som vi kommer att ta h\u00e4nsyn till.<\/p><\/div>\n\t\t\t\t<\/div>\n\t\t\t\t\t\t\t<div class=\"elementor-toggle-item\">\n\t\t\t\t\t<div id=\"elementor-tab-title-2167\" class=\"elementor-tab-title\" data-tab=\"7\" role=\"button\" aria-controls=\"elementor-tab-content-2167\" aria-expanded=\"false\">\n\t\t\t\t\t\t\t\t\t\t\t\t<span class=\"elementor-toggle-icon elementor-toggle-icon-left\" aria-hidden=\"true\">\n\t\t\t\t\t\t\t\t\t\t\t\t\t\t\t<span class=\"elementor-toggle-icon-closed\"><i class=\"fas fa-angle-down\"><\/i><\/span>\n\t\t\t\t\t\t\t\t<span class=\"elementor-toggle-icon-opened\"><i class=\"elementor-toggle-icon-opened fas fa-angle-up\"><\/i><\/span>\n\t\t\t\t\t\t\t\t\t\t\t\t\t<\/span>\n\t\t\t\t\t\t\t\t\t\t\t\t<a class=\"elementor-toggle-title\" tabindex=\"0\">Jag har bokat och m\u00e5ste avboka<\/a>\n\t\t\t\t\t<\/div>\n\n\t\t\t\t\t<div id=\"elementor-tab-content-2167\" class=\"elementor-tab-content elementor-clearfix\" data-tab=\"7\" role=\"region\" aria-labelledby=\"elementor-tab-title-2167\"><p>Meddela detta snarast till <a href=\"mailto:sofia@aktivut.se\">sofia@aktivut.se<\/a> . Notera att sista avbokningsdag f\u00f6r boende och m\u00e5ltider \u00e4r 14 juni f\u00f6r etapp 1-10, 25 juni f\u00f6r etapp 11-19 och 4 juli f\u00f6r etapp 20-29. Om du bokat boende eller mat men inte dyker upp, kommer vi beh\u00f6va skicka en faktura p\u00e5 det belopp bokningen r\u00f6r.<\/p><\/div>\n\t\t\t\t<\/div>\n\t\t\t\t\t\t\t\t<\/div>\n\t\t\t\t\t\t<\/div>\n\t\t\t\t<\/div>\n\t\t\t\t\t<\/div>\n\t\t<\/div>\n\t\t\t\t<div class=\"elementor-column elementor-col-50 elementor-top-column elementor-element elementor-element-6225672\" data-id=\"6225672\" data-element_type=\"column\" data-e-type=\"column\">\n\t\t\t<div class=\"elementor-widget-wrap elementor-element-populated\">\n\t\t\t\t\t\t<div class=\"elementor-element elementor-element-de84cae elementor-widget elementor-widget-toggle\" data-id=\"de84cae\" data-element_type=\"widget\" data-e-type=\"widget\" data-widget_type=\"toggle.default\">\n\t\t\t\t<div class=\"elementor-widget-container\">\n\t\t\t\t\t\t\t<div class=\"elementor-toggle\">\n\t\t\t\t\t\t\t<div class=\"elementor-toggle-item\">\n\t\t\t\t\t<div id=\"elementor-tab-title-2331\" class=\"elementor-tab-title\" data-tab=\"1\" role=\"button\" aria-controls=\"elementor-tab-content-2331\" aria-expanded=\"false\">\n\t\t\t\t\t\t\t\t\t\t\t\t<span class=\"elementor-toggle-icon elementor-toggle-icon-left\" aria-hidden=\"true\">\n\t\t\t\t\t\t\t\t\t\t\t\t\t\t\t<span class=\"elementor-toggle-icon-closed\"><i class=\"fas fa-angle-down\"><\/i><\/span>\n\t\t\t\t\t\t\t\t<span class=\"elementor-toggle-icon-opened\"><i class=\"elementor-toggle-icon-opened fas fa-angle-up\"><\/i><\/span>\n\t\t\t\t\t\t\t\t\t\t\t\t\t<\/span>\n\t\t\t\t\t\t\t\t\t\t\t\t<a class=\"elementor-toggle-title\" tabindex=\"0\">Jag vill boka men det \u00e4r st\u00e4ngt<\/a>\n\t\t\t\t\t<\/div>\n\n\t\t\t\t\t<div id=\"elementor-tab-content-2331\" class=\"elementor-tab-content elementor-clearfix\" data-tab=\"1\" role=\"region\" aria-labelledby=\"elementor-tab-title-2331\"><p>Vi st\u00e4nger bokningen ca. tv\u00e5 veckor innan varje etapp. Sista bokningsdag f\u00f6r boende och m\u00e5ltider \u00e4r d\u00e4rf\u00f6r 14 juni f\u00f6r etapp 1-10, 25 juni f\u00f6r etapp 11-19 och 4 juli f\u00f6r etapp 20-29. Bokning av vandring (utan boende och m\u00e5ltider) g\u00e5r bra att g\u00f6ra fram till dagen innan vandringen startar.<\/p><p>\u00d6nskar du f\u00e5 hj\u00e4lp med boende och mat trots att bokningen \u00e4r st\u00e4ngd kan maila <a href=\"mailto:sofia@aktivut.se\">sofia@aktivut.se<\/a> s\u00e5 tittar vi om aktuellt datum \u00e4r m\u00f6jligt att kliva p\u00e5.<\/p><\/div>\n\t\t\t\t<\/div>\n\t\t\t\t\t\t\t<div class=\"elementor-toggle-item\">\n\t\t\t\t\t<div id=\"elementor-tab-title-2332\" class=\"elementor-tab-title\" data-tab=\"2\" role=\"button\" aria-controls=\"elementor-tab-content-2332\" aria-expanded=\"false\">\n\t\t\t\t\t\t\t\t\t\t\t\t<span class=\"elementor-toggle-icon elementor-toggle-icon-left\" aria-hidden=\"true\">\n\t\t\t\t\t\t\t\t\t\t\t\t\t\t\t<span class=\"elementor-toggle-icon-closed\"><i class=\"fas fa-angle-down\"><\/i><\/span>\n\t\t\t\t\t\t\t\t<span class=\"elementor-toggle-icon-opened\"><i class=\"elementor-toggle-icon-opened fas fa-angle-up\"><\/i><\/span>\n\t\t\t\t\t\t\t\t\t\t\t\t\t<\/span>\n\t\t\t\t\t\t\t\t\t\t\t\t<a class=\"elementor-toggle-title\" tabindex=\"0\">\u00d6vriga aktiviteter, vad inneb\u00e4r det?<\/a>\n\t\t\t\t\t<\/div>\n\n\t\t\t\t\t<div id=\"elementor-tab-content-2332\" class=\"elementor-tab-content elementor-clearfix\" data-tab=\"2\" role=\"region\" aria-labelledby=\"elementor-tab-title-2332\"><p>Vissa dagar eller kv\u00e4llar erbjuds aktiviteter ut\u00f6ver vandring. Det kan vara pilgrimsm\u00e4ssa, yoga, ber\u00e4ttarkv\u00e4ll eller n\u00e5got annat. Dessa aktiviteter \u00e4r \u00f6ppna f\u00f6r dig som vandrar och f\u00f6r andra som \u00e4r intresserade och finns i n\u00e4rheten. De beh\u00f6ver inte f\u00f6rbokas och det finns inget maxantal.<\/p><\/div>\n\t\t\t\t<\/div>\n\t\t\t\t\t\t\t<div class=\"elementor-toggle-item\">\n\t\t\t\t\t<div id=\"elementor-tab-title-2333\" class=\"elementor-tab-title\" data-tab=\"3\" role=\"button\" aria-controls=\"elementor-tab-content-2333\" aria-expanded=\"false\">\n\t\t\t\t\t\t\t\t\t\t\t\t<span class=\"elementor-toggle-icon elementor-toggle-icon-left\" aria-hidden=\"true\">\n\t\t\t\t\t\t\t\t\t\t\t\t\t\t\t<span class=\"elementor-toggle-icon-closed\"><i class=\"fas fa-angle-down\"><\/i><\/span>\n\t\t\t\t\t\t\t\t<span class=\"elementor-toggle-icon-opened\"><i class=\"elementor-toggle-icon-opened fas fa-angle-up\"><\/i><\/span>\n\t\t\t\t\t\t\t\t\t\t\t\t\t<\/span>\n\t\t\t\t\t\t\t\t\t\t\t\t<a class=\"elementor-toggle-title\" tabindex=\"0\">\u00c4r det en guide med?<\/a>\n\t\t\t\t\t<\/div>\n\n\t\t\t\t\t<div id=\"elementor-tab-content-2333\" class=\"elementor-tab-content elementor-clearfix\" data-tab=\"3\" role=\"region\" aria-labelledby=\"elementor-tab-title-2333\"><p>Nej, det \u00e4r ingen guide. Vi har en vandringskompis. Det \u00e4r en ledare som har ansvar just den dagen och som ser till att de som bokat \u00e4r p\u00e5 plats, att vi kommer fram till det boende vi ska till och l\u00f6ser problem som kan uppst\u00e5 l\u00e4ngs v\u00e4gen. Vandringskompisen \u00e4r olika personer och vissa kommer ha djup kunskap om det omr\u00e5de vi vandrar i, andra mer en \u00f6vergripande koll.<\/p><\/div>\n\t\t\t\t<\/div>\n\t\t\t\t\t\t\t<div class=\"elementor-toggle-item\">\n\t\t\t\t\t<div id=\"elementor-tab-title-2334\" class=\"elementor-tab-title\" data-tab=\"4\" role=\"button\" aria-controls=\"elementor-tab-content-2334\" aria-expanded=\"false\">\n\t\t\t\t\t\t\t\t\t\t\t\t<span class=\"elementor-toggle-icon elementor-toggle-icon-left\" aria-hidden=\"true\">\n\t\t\t\t\t\t\t\t\t\t\t\t\t\t\t<span class=\"elementor-toggle-icon-closed\"><i class=\"fas fa-angle-down\"><\/i><\/span>\n\t\t\t\t\t\t\t\t<span class=\"elementor-toggle-icon-opened\"><i class=\"elementor-toggle-icon-opened fas fa-angle-up\"><\/i><\/span>\n\t\t\t\t\t\t\t\t\t\t\t\t\t<\/span>\n\t\t\t\t\t\t\t\t\t\t\t\t<a class=\"elementor-toggle-title\" tabindex=\"0\">Jag vill g\u00e5 med in i Norge, \u00e4r det n\u00e5got jag ska t\u00e4nka p\u00e5?<\/a>\n\t\t\t\t\t<\/div>\n\n\t\t\t\t\t<div id=\"elementor-tab-content-2334\" class=\"elementor-tab-content elementor-clearfix\" data-tab=\"4\" role=\"region\" aria-labelledby=\"elementor-tab-title-2334\"><p>Vandringen forts\u00e4tter p\u00e5 samma s\u00e4tt in i Norge. Du kan beh\u00f6va r\u00e4kna med att vandringskompisen (ledaren) kan komma att prata norska. Vandrar du med hund kr\u00e4vs s\u00e4rskilda intyg f\u00f6r att f\u00e5 passera \u00f6ver riksgr\u00e4nsen.<\/p><\/div>\n\t\t\t\t<\/div>\n\t\t\t\t\t\t\t<div class=\"elementor-toggle-item\">\n\t\t\t\t\t<div id=\"elementor-tab-title-2335\" class=\"elementor-tab-title\" data-tab=\"5\" role=\"button\" aria-controls=\"elementor-tab-content-2335\" aria-expanded=\"false\">\n\t\t\t\t\t\t\t\t\t\t\t\t<span class=\"elementor-toggle-icon elementor-toggle-icon-left\" aria-hidden=\"true\">\n\t\t\t\t\t\t\t\t\t\t\t\t\t\t\t<span class=\"elementor-toggle-icon-closed\"><i class=\"fas fa-angle-down\"><\/i><\/span>\n\t\t\t\t\t\t\t\t<span class=\"elementor-toggle-icon-opened\"><i class=\"elementor-toggle-icon-opened fas fa-angle-up\"><\/i><\/span>\n\t\t\t\t\t\t\t\t\t\t\t\t\t<\/span>\n\t\t\t\t\t\t\t\t\t\t\t\t<a class=\"elementor-toggle-title\" tabindex=\"0\">Jag vill stanna n\u00e5gra extra n\u00e4tter n\u00e4r jag avslutat min Tillsammansvandring<\/a>\n\t\t\t\t\t<\/div>\n\n\t\t\t\t\t<div id=\"elementor-tab-content-2335\" class=\"elementor-tab-content elementor-clearfix\" data-tab=\"5\" role=\"region\" aria-labelledby=\"elementor-tab-title-2335\"><p>Det g\u00e5r sj\u00e4lvklart bra men du beh\u00f6ver boka ditt boende sj\u00e4lv n\u00e4r du kliver av Tillsammansvandringen.<\/p><\/div>\n\t\t\t\t<\/div>\n\t\t\t\t\t\t\t<div class=\"elementor-toggle-item\">\n\t\t\t\t\t<div id=\"elementor-tab-title-2336\" class=\"elementor-tab-title\" data-tab=\"6\" role=\"button\" aria-controls=\"elementor-tab-content-2336\" aria-expanded=\"false\">\n\t\t\t\t\t\t\t\t\t\t\t\t<span class=\"elementor-toggle-icon elementor-toggle-icon-left\" aria-hidden=\"true\">\n\t\t\t\t\t\t\t\t\t\t\t\t\t\t\t<span class=\"elementor-toggle-icon-closed\"><i class=\"fas fa-angle-down\"><\/i><\/span>\n\t\t\t\t\t\t\t\t<span class=\"elementor-toggle-icon-opened\"><i class=\"elementor-toggle-icon-opened fas fa-angle-up\"><\/i><\/span>\n\t\t\t\t\t\t\t\t\t\t\t\t\t<\/span>\n\t\t\t\t\t\t\t\t\t\t\t\t<a class=\"elementor-toggle-title\" tabindex=\"0\">Jag vill bo n\u00e5n annanstans \u00e4n d\u00e4r ni erbjuder mig boende<\/a>\n\t\t\t\t\t<\/div>\n\n\t\t\t\t\t<div id=\"elementor-tab-content-2336\" class=\"elementor-tab-content elementor-clearfix\" data-tab=\"6\" role=\"region\" aria-labelledby=\"elementor-tab-title-2336\"><p>Det g\u00e5r bra, d\u00e5 v\u00e4ljer du bara \u201dl\u00f6ser boende sj\u00e4lv\u201d i din anm\u00e4lan och bokar du helt p\u00e5 egen hand.<\/p><\/div>\n\t\t\t\t<\/div>\n\t\t\t\t\t\t\t\t<\/div>\n\t\t\t\t\t\t<\/div>\n\t\t\t\t<\/div>\n\t\t\t\t\t<\/div>\n\t\t<\/div>\n\t\t\t\t\t<\/div>\n\t\t<\/section>\n\t\t\t\t<\/div>\n\t\t","protected":false},"excerpt":{"rendered":"<p>Vandringen \u00e4r i sin helhet 58 mil, men du erbjuds att f\u00f6lja med s\u00e5 l\u00e5ngt eller kort du vill. Vandringen b\u00f6rjar klockan 8.00 varje morgon. Anslut p\u00e5 morgonen den dag du \u00f6nskar b\u00f6rja och avsluta n\u00e4r det passar dig. Boende och mat betala du sj\u00e4lv. Det vi g\u00f6r tillsammans \u00e4r sj\u00e4lva vandringen. Under tystnad och [&hellip;]<\/p>\n","protected":false},"author":12,"featured_media":7764,"parent":0,"menu_order":0,"comment_status":"closed","ping_status":"closed","template":"","meta":{"_acf_changed":false,"footnotes":""},"class_list":["post-7726","page","type-page","status-publish","has-post-thumbnail","hentry"],"acf":[],"_links":{"self":[{"href":"https:\/\/stolavsleden.com\/sv\/wp-json\/wp\/v2\/pages\/7726","targetHints":{"allow":["GET"]}}],"collection":[{"href":"https:\/\/stolavsleden.com\/sv\/wp-json\/wp\/v2\/pages"}],"about":[{"href":"https:\/\/stolavsleden.com\/sv\/wp-json\/wp\/v2\/types\/page"}],"author":[{"embeddable":true,"href":"https:\/\/stolavsleden.com\/sv\/wp-json\/wp\/v2\/users\/12"}],"replies":[{"embeddable":true,"href":"https:\/\/stolavsleden.com\/sv\/wp-json\/wp\/v2\/comments?post=7726"}],"version-history":[{"count":3,"href":"https:\/\/stolavsleden.com\/sv\/wp-json\/wp\/v2\/pages\/7726\/revisions"}],"predecessor-version":[{"id":8183,"href":"https:\/\/stolavsleden.com\/sv\/wp-json\/wp\/v2\/pages\/7726\/revisions\/8183"}],"wp:featuredmedia":[{"embeddable":true,"href":"https:\/\/stolavsleden.com\/sv\/wp-json\/wp\/v2\/media\/7764"}],"wp:attachment":[{"href":"https:\/\/stolavsleden.com\/sv\/wp-json\/wp\/v2\/media?parent=7726"}],"curies":[{"name":"wp","href":"https:\/\/api.w.org\/{rel}","templated":true}]}}