{"id":7567,"date":"2022-03-24T16:01:25","date_gmt":"2022-03-24T15:01:25","guid":{"rendered":"https:\/\/stolavsleden.com\/millestgarden\/"},"modified":"2022-03-25T10:57:47","modified_gmt":"2022-03-25T09:57:47","slug":"millestgarden","status":"publish","type":"page","link":"https:\/\/stolavsleden.com\/sv\/millestgarden\/","title":{"rendered":"Millestg\u00e5rden"},"content":{"rendered":"\t\t<div data-elementor-type=\"wp-page\" data-elementor-id=\"7567\" class=\"elementor elementor-7567 elementor-7445\" data-elementor-post-type=\"page\">\n\t\t\t\t\t\t<section class=\"elementor-section elementor-top-section elementor-element elementor-element-c380c63 elementor-section-content-middle elementor-section-stretched elementor-section-boxed elementor-section-height-default elementor-section-height-default\" data-id=\"c380c63\" data-element_type=\"section\" data-e-type=\"section\" data-settings=\"{&quot;background_background&quot;:&quot;classic&quot;,&quot;stretch_section&quot;:&quot;section-stretched&quot;}\">\n\t\t\t\t\t\t<div class=\"elementor-container elementor-column-gap-wider\">\n\t\t\t\t\t<div class=\"elementor-column elementor-col-50 elementor-top-column elementor-element elementor-element-3b3c86d\" data-id=\"3b3c86d\" data-element_type=\"column\" data-e-type=\"column\">\n\t\t\t<div class=\"elementor-widget-wrap elementor-element-populated\">\n\t\t\t\t\t\t<div class=\"elementor-element elementor-element-a181091 elementor-widget elementor-widget-text-editor\" data-id=\"a181091\" data-element_type=\"widget\" data-e-type=\"widget\" data-widget_type=\"text-editor.default\">\n\t\t\t\t<div class=\"elementor-widget-container\">\n\t\t\t\t\t\t\t\t\t<p>Ett par kilometer v\u00e4ster om Duved drar S:t Olavsleden f\u00f6rbi Millestg\u00e5rden med anor fr\u00e5n 1600-talet. H\u00e4r arbetar \u00e4garen Maria K\u00f6leg\u00e5rd och hennes kolleger f\u00f6r att ge sina g\u00e4ster en smak av J\u00e4mtland. Menyn varierar med \u00e5rstiderna och \u00e4r f\u00e4rgad av b\u00e5de lantbrukets och skogens r\u00e5varor; n\u00e4rproducerat och ekologiskt \u00e4r i fokus liksom att ta vara p\u00e5 all mat \u2013 inget ska g\u00e5 till spillo.\r\n\r\n<p>\u2013 Om jag g\u00f6r s\u00e5 att bonden n\u00e4stg\u00e5rds vet att vi kommer att k\u00f6pa av honom, d\u00e5 blir det l\u00e5ngsiktigt. Hans betande djur h\u00e5ller \u00e4ngarna \u00f6ppna runt oss, vilket g\u00f6r omgivningarna vackra. Det \u00e4r att g\u00f6ra en bygd mindre s\u00e5rbar b\u00e5de i sociala och ekonomiska termer, s\u00e4ger Maria.\r\n\r\n<p>Maten tillagas med metoder som l\u00e5ngkok, g\u00e4rna i l\u00e5ga temperaturer, vilket l\u00e5ter smakerna utvecklas maximalt. Menyerna skapas utifr\u00e5n antalet g\u00e4ster och vilka r\u00e5varor som \u00e4r i s\u00e4song.\r\n\r\n<p>\u2013 Ambitionen \u00e4r att h\u00e5lla en gr\u00f6n meny, det finns alltid en vegetarisk varmr\u00e4tt som alternativ, s\u00e4ger Maria.\r\n\r\n<p>Sommartid p\u00e5 l\u00f6rdagskv\u00e4llarna t\u00e4nder hon upp kolgrillen upp och en grillbuff\u00e9 med smaker fr\u00e5n norr dukas upp. \u00c4ven frukosten best\u00e5r av en buff\u00e9 och vandraren kan g\u00f6ra sm\u00f6rg\u00e5sar och packa med sig till lunch.\r\n<p>Millestg\u00e5rdens matg\u00e4ster kan sl\u00e5 sig ner p\u00e5 n\u00e5gon av terrasserna och blicka ut \u00f6ver gr\u00f6nskan, den glittrande Indals\u00e4lven, fj\u00e4ll och skogar. En solig sommarkv\u00e4ll sitter kanske en kall \u00f6l fint efter vandringen, i baren finns en rad lokala \u00f6l liksom flera utvalda ekologiska viner.\r\n\r\n<p>Ett gott exempel p\u00e5 tillvaratagandet av r\u00e5varor \u00e4r den l\u00f6ksoppa med hemgjorda krutonger av \u00f6verblivet br\u00f6d som serveras vid Smakpatrullens bes\u00f6k. P\u00e5 det f\u00f6ljer den svenskaste av r\u00e4tter: k\u00f6ttbullar med potatis, lingon, gr\u00e4dds\u00e5s och pressgurka. K\u00f6ttf\u00e4rsen \u00e4r lokalproducerad och smakrikt fet, salladen och persiljan odlade av kocken, b\u00e4ren fr\u00e5n Duvedsskogarna och rotsakerna n\u00e4rodlade. Det \u00e4r robust mat med finess, f\u00e4rgrikedom och varierande strukturer. Det finns \u00e4ven r\u00f6dbetsbiffar f\u00f6r den som f\u00f6redrar vegetariskt eller veganskt.\r\n\r\n<p>Efter en trer\u00e4tters sittning i Millestg\u00e5rdens rofyllda milj\u00f6 och med v\u00e4llagad mat i magen stillnar sinnet och kroppen m\u00e5r gott. Precis som sig b\u00f6r p\u00e5 en pilgrimsvandring.\t\t\t\t\t\t\t\t<\/div>\n\t\t\t\t<\/div>\n\t\t\t\t<div class=\"elementor-element elementor-element-713673f gallery-spacing-custom elementor-widget elementor-widget-image-gallery\" data-id=\"713673f\" data-element_type=\"widget\" data-e-type=\"widget\" data-widget_type=\"image-gallery.default\">\n\t\t\t\t<div class=\"elementor-widget-container\">\n\t\t\t\t\t\t\t<div class=\"elementor-image-gallery\">\n\t\t\t<div id='gallery-1' class='gallery galleryid-7567 gallery-columns-2 gallery-size-thumbnail'><figure class='gallery-item'>\n\t\t\t<div class='gallery-icon landscape'>\n\t\t\t\t<a data-elementor-open-lightbox=\"yes\" data-elementor-lightbox-slideshow=\"713673f\" data-elementor-lightbox-title=\"Millestgarden_Foto_Erika-EnequistDSC_7893\" data-e-action-hash=\"#elementor-action%3Aaction%3Dlightbox%26settings%3DeyJpZCI6NzQ2MiwidXJsIjoiaHR0cHM6XC9cL3N0b2xhdnNsZWRlbi5jb21cL3dwLWNvbnRlbnRcL3VwbG9hZHNcLzIwMjJcLzAzXC9NaWxsZXN0Z2FyZGVuX0ZvdG9fRXJpa2EtRW5lcXVpc3REU0NfNzg5My0xLmpwZyIsInNsaWRlc2hvdyI6IjcxMzY3M2YifQ%3D%3D\" href='https:\/\/stolavsleden.com\/wp-content\/uploads\/2022\/03\/Millestgarden_Foto_Erika-EnequistDSC_7893-1.jpg'><img fetchpriority=\"high\" width=\"1024\" height=\"576\" src=\"https:\/\/stolavsleden.com\/wp-content\/uploads\/2022\/03\/Millestgarden_Foto_Erika-EnequistDSC_7893-1.jpg\" class=\"attachment-thumbnail size-thumbnail\" alt=\"Millestg\u00e5rden\" decoding=\"async\" srcset=\"https:\/\/stolavsleden.com\/wp-content\/uploads\/2022\/03\/Millestgarden_Foto_Erika-EnequistDSC_7893-1.jpg 1024w, https:\/\/stolavsleden.com\/wp-content\/uploads\/2022\/03\/Millestgarden_Foto_Erika-EnequistDSC_7893-1-768x432.jpg 768w\" sizes=\"(max-width: 1024px) 100vw, 1024px\" \/><\/a>\n\t\t\t<\/div><\/figure><figure class='gallery-item'>\n\t\t\t<div class='gallery-icon landscape'>\n\t\t\t\t<a data-elementor-open-lightbox=\"yes\" data-elementor-lightbox-slideshow=\"713673f\" data-elementor-lightbox-title=\"Millestgarden_Foto_Erika-EnequistDSC_7858\" data-e-action-hash=\"#elementor-action%3Aaction%3Dlightbox%26settings%3DeyJpZCI6NzQ1NiwidXJsIjoiaHR0cHM6XC9cL3N0b2xhdnNsZWRlbi5jb21cL3dwLWNvbnRlbnRcL3VwbG9hZHNcLzIwMjJcLzAzXC9NaWxsZXN0Z2FyZGVuX0ZvdG9fRXJpa2EtRW5lcXVpc3REU0NfNzg1OC0xLmpwZyIsInNsaWRlc2hvdyI6IjcxMzY3M2YifQ%3D%3D\" href='https:\/\/stolavsleden.com\/wp-content\/uploads\/2022\/03\/Millestgarden_Foto_Erika-EnequistDSC_7858-1.jpg'><img width=\"1024\" height=\"576\" src=\"https:\/\/stolavsleden.com\/wp-content\/uploads\/2022\/03\/Millestgarden_Foto_Erika-EnequistDSC_7858-1.jpg\" class=\"attachment-thumbnail size-thumbnail\" alt=\"Millestg\u00e5rden\" decoding=\"async\" srcset=\"https:\/\/stolavsleden.com\/wp-content\/uploads\/2022\/03\/Millestgarden_Foto_Erika-EnequistDSC_7858-1.jpg 1024w, https:\/\/stolavsleden.com\/wp-content\/uploads\/2022\/03\/Millestgarden_Foto_Erika-EnequistDSC_7858-1-768x432.jpg 768w\" sizes=\"(max-width: 1024px) 100vw, 1024px\" \/><\/a>\n\t\t\t<\/div><\/figure><figure class='gallery-item'>\n\t\t\t<div class='gallery-icon landscape'>\n\t\t\t\t<a data-elementor-open-lightbox=\"yes\" data-elementor-lightbox-slideshow=\"713673f\" data-elementor-lightbox-title=\"Millestgarden_Foto_Erika-EnequistDSC_7794\" data-e-action-hash=\"#elementor-action%3Aaction%3Dlightbox%26settings%3DeyJpZCI6NzQ2MCwidXJsIjoiaHR0cHM6XC9cL3N0b2xhdnNsZWRlbi5jb21cL3dwLWNvbnRlbnRcL3VwbG9hZHNcLzIwMjJcLzAzXC9NaWxsZXN0Z2FyZGVuX0ZvdG9fRXJpa2EtRW5lcXVpc3REU0NfNzc5NC0xLmpwZyIsInNsaWRlc2hvdyI6IjcxMzY3M2YifQ%3D%3D\" href='https:\/\/stolavsleden.com\/wp-content\/uploads\/2022\/03\/Millestgarden_Foto_Erika-EnequistDSC_7794-1.jpg'><img width=\"1024\" height=\"576\" src=\"https:\/\/stolavsleden.com\/wp-content\/uploads\/2022\/03\/Millestgarden_Foto_Erika-EnequistDSC_7794-1.jpg\" class=\"attachment-thumbnail size-thumbnail\" alt=\"Millestg\u00e5rden\" decoding=\"async\" srcset=\"https:\/\/stolavsleden.com\/wp-content\/uploads\/2022\/03\/Millestgarden_Foto_Erika-EnequistDSC_7794-1.jpg 1024w, https:\/\/stolavsleden.com\/wp-content\/uploads\/2022\/03\/Millestgarden_Foto_Erika-EnequistDSC_7794-1-768x432.jpg 768w\" sizes=\"(max-width: 1024px) 100vw, 1024px\" \/><\/a>\n\t\t\t<\/div><\/figure><figure class='gallery-item'>\n\t\t\t<div class='gallery-icon landscape'>\n\t\t\t\t<a data-elementor-open-lightbox=\"yes\" data-elementor-lightbox-slideshow=\"713673f\" data-elementor-lightbox-title=\"Millestgarden_Foto_Erika-EnequistDSC_7889\" data-e-action-hash=\"#elementor-action%3Aaction%3Dlightbox%26settings%3DeyJpZCI6NzQ1NCwidXJsIjoiaHR0cHM6XC9cL3N0b2xhdnNsZWRlbi5jb21cL3dwLWNvbnRlbnRcL3VwbG9hZHNcLzIwMjJcLzAzXC9NaWxsZXN0Z2FyZGVuX0ZvdG9fRXJpa2EtRW5lcXVpc3REU0NfNzg4OS0xLmpwZyIsInNsaWRlc2hvdyI6IjcxMzY3M2YifQ%3D%3D\" href='https:\/\/stolavsleden.com\/wp-content\/uploads\/2022\/03\/Millestgarden_Foto_Erika-EnequistDSC_7889-1.jpg'><img loading=\"lazy\" width=\"1024\" height=\"576\" src=\"https:\/\/stolavsleden.com\/wp-content\/uploads\/2022\/03\/Millestgarden_Foto_Erika-EnequistDSC_7889-1.jpg\" class=\"attachment-thumbnail size-thumbnail\" alt=\"Millestg\u00e5rden\" decoding=\"async\" srcset=\"https:\/\/stolavsleden.com\/wp-content\/uploads\/2022\/03\/Millestgarden_Foto_Erika-EnequistDSC_7889-1.jpg 1024w, https:\/\/stolavsleden.com\/wp-content\/uploads\/2022\/03\/Millestgarden_Foto_Erika-EnequistDSC_7889-1-768x432.jpg 768w\" sizes=\"(max-width: 1024px) 100vw, 1024px\" \/><\/a>\n\t\t\t<\/div><\/figure>\n\t\t<\/div>\n\t\t<\/div>\n\t\t\t\t\t\t<\/div>\n\t\t\t\t<\/div>\n\t\t\t\t\t<\/div>\n\t\t<\/div>\n\t\t\t\t<div class=\"elementor-column elementor-col-50 elementor-top-column elementor-element elementor-element-ffc7f08\" data-id=\"ffc7f08\" data-element_type=\"column\" data-e-type=\"column\" data-settings=\"{&quot;background_background&quot;:&quot;classic&quot;}\">\n\t\t\t<div class=\"elementor-widget-wrap elementor-element-populated\">\n\t\t\t\t\t\t<div class=\"elementor-element elementor-element-a0a7bbb elementor-widget elementor-widget-heading\" data-id=\"a0a7bbb\" data-element_type=\"widget\" data-e-type=\"widget\" data-widget_type=\"heading.default\">\n\t\t\t\t<div class=\"elementor-widget-container\">\n\t\t\t\t\t<h2 class=\"elementor-heading-title elementor-size-default\">FAKTA<\/h2>\t\t\t\t<\/div>\n\t\t\t\t<\/div>\n\t\t\t\t<div class=\"elementor-element elementor-element-d54d671 elementor-widget elementor-widget-text-editor\" data-id=\"d54d671\" data-element_type=\"widget\" data-e-type=\"widget\" data-widget_type=\"text-editor.default\">\n\t\t\t\t<div class=\"elementor-widget-container\">\n\t\t\t\t\t\t\t\t\t<p><em>Var:<\/em> Precis intill S:t Olavsleden, 2,5 kilometer v\u00e4ster om Duveds by.\r\n\r\n<p><em>Missa inte:<\/em> Klassiska k\u00f6ttbullar, potatis, gr\u00e4dds\u00e5s och lingon med pressgurka.\r\n\r\n<p><em>Annat:<\/em> P\u00e5 en kulle intill Millestg\u00e5rden ligger Karolinermonumentet med storslagen utsikt \u00f6ver \u00e4lven och \u00c5redalen. Det \u00e4r rest till minne av de drygt 3700 soldater som fr\u00f6s ihj\u00e4l efter Karl XII:s katastrofala f\u00e4ltt\u00e5g mot Trondheim 1718. Monumentet invigdes 1892 och \u00e4r ritat av en av d\u00e5tidens mest k\u00e4nda arkitekter, Ferdinand Boberg.\r\n\r\n<p><em> \u00d6ppetider &amp; kontakt:<\/em><br>\r\n<a href=\"http:\/\/www.millestgarden.se\" target=\"_blank\" rel=\"noopener\">www.millestgarden.se<\/a><br>\r\n<a href=\"http:\/\/www.facebook.com\/millestgarden\" target=\"_blank\" rel=\"noopener\">www.facebook.com\/millestgarden<\/a>\t\t\t\t\t\t\t\t<\/div>\n\t\t\t\t<\/div>\n\t\t\t\t\t<\/div>\n\t\t<\/div>\n\t\t\t\t\t<\/div>\n\t\t<\/section>\n\t\t\t\t<\/div>\n\t\t","protected":false},"excerpt":{"rendered":"<p>Ett par kilometer v\u00e4ster om Duved drar S:t Olavsleden f\u00f6rbi Millestg\u00e5rden med anor fr\u00e5n 1600-talet. H\u00e4r arbetar \u00e4garen Maria K\u00f6leg\u00e5rd och hennes kolleger f\u00f6r att ge sina g\u00e4ster en smak av J\u00e4mtland. Menyn varierar med \u00e5rstiderna och \u00e4r f\u00e4rgad av b\u00e5de lantbrukets och skogens r\u00e5varor; n\u00e4rproducerat och ekologiskt \u00e4r i fokus liksom att ta vara [&hellip;]<\/p>\n","protected":false},"author":12,"featured_media":7447,"parent":0,"menu_order":0,"comment_status":"closed","ping_status":"closed","template":"","meta":{"_acf_changed":false,"footnotes":""},"class_list":["post-7567","page","type-page","status-publish","has-post-thumbnail","hentry"],"acf":[],"_links":{"self":[{"href":"https:\/\/stolavsleden.com\/sv\/wp-json\/wp\/v2\/pages\/7567","targetHints":{"allow":["GET"]}}],"collection":[{"href":"https:\/\/stolavsleden.com\/sv\/wp-json\/wp\/v2\/pages"}],"about":[{"href":"https:\/\/stolavsleden.com\/sv\/wp-json\/wp\/v2\/types\/page"}],"author":[{"embeddable":true,"href":"https:\/\/stolavsleden.com\/sv\/wp-json\/wp\/v2\/users\/12"}],"replies":[{"embeddable":true,"href":"https:\/\/stolavsleden.com\/sv\/wp-json\/wp\/v2\/comments?post=7567"}],"version-history":[{"count":3,"href":"https:\/\/stolavsleden.com\/sv\/wp-json\/wp\/v2\/pages\/7567\/revisions"}],"predecessor-version":[{"id":7670,"href":"https:\/\/stolavsleden.com\/sv\/wp-json\/wp\/v2\/pages\/7567\/revisions\/7670"}],"wp:featuredmedia":[{"embeddable":true,"href":"https:\/\/stolavsleden.com\/sv\/wp-json\/wp\/v2\/media\/7447"}],"wp:attachment":[{"href":"https:\/\/stolavsleden.com\/sv\/wp-json\/wp\/v2\/media?parent=7567"}],"curies":[{"name":"wp","href":"https:\/\/api.w.org\/{rel}","templated":true}]}}