{"id":6158,"date":"2021-05-07T11:17:01","date_gmt":"2021-05-07T09:17:01","guid":{"rendered":"https:\/\/stolavsleden.com\/paketerat-langs-stolavsleden\/"},"modified":"2025-03-10T13:58:35","modified_gmt":"2025-03-10T12:58:35","slug":"paketerat-langs-stolavsleden","status":"publish","type":"page","link":"https:\/\/stolavsleden.com\/sv\/paketerat-langs-stolavsleden\/","title":{"rendered":"Paketerat l\u00e4ngs S:t Olavsleden"},"content":{"rendered":"\t\t<div data-elementor-type=\"wp-page\" data-elementor-id=\"6158\" class=\"elementor elementor-6158 elementor-5467\" data-elementor-post-type=\"page\">\n\t\t\t\t\t\t<section class=\"elementor-section elementor-top-section elementor-element elementor-element-66e4098 elementor-section-boxed elementor-section-height-default elementor-section-height-default\" data-id=\"66e4098\" data-element_type=\"section\" data-e-type=\"section\">\n\t\t\t\t\t\t<div class=\"elementor-container elementor-column-gap-default\">\n\t\t\t\t\t<div class=\"elementor-column elementor-col-33 elementor-top-column elementor-element elementor-element-411a11b\" data-id=\"411a11b\" data-element_type=\"column\" data-e-type=\"column\">\n\t\t\t<div class=\"elementor-widget-wrap elementor-element-populated\">\n\t\t\t\t\t\t<div class=\"elementor-element elementor-element-c408ebe elementor-widget elementor-widget-image\" data-id=\"c408ebe\" data-element_type=\"widget\" data-e-type=\"widget\" data-widget_type=\"image.default\">\n\t\t\t\t<div class=\"elementor-widget-container\">\n\t\t\t\t\t\t\t\t\t\t\t\t\t\t\t<img fetchpriority=\"high\" decoding=\"async\" width=\"640\" height=\"360\" src=\"https:\/\/stolavsleden.com\/wp-content\/uploads\/2023\/06\/Vandra-1024x576.jpg\" class=\"attachment-large size-large wp-image-8753\" alt=\"VandraSweden logga med bild p\u00e5 vandrare l\u00e4ngs St Olavsleden i bakgrunden.\" srcset=\"https:\/\/stolavsleden.com\/wp-content\/uploads\/2023\/06\/Vandra-1024x576.jpg 1024w, https:\/\/stolavsleden.com\/wp-content\/uploads\/2023\/06\/Vandra-768x432.jpg 768w, https:\/\/stolavsleden.com\/wp-content\/uploads\/2023\/06\/Vandra-1536x864.jpg 1536w, https:\/\/stolavsleden.com\/wp-content\/uploads\/2023\/06\/Vandra-2048x1152.jpg 2048w\" sizes=\"(max-width: 640px) 100vw, 640px\" \/>\t\t\t\t\t\t\t\t\t\t\t\t\t\t\t<\/div>\n\t\t\t\t<\/div>\n\t\t\t\t<div class=\"elementor-element elementor-element-7670bb9 elementor-widget elementor-widget-text-editor\" data-id=\"7670bb9\" data-element_type=\"widget\" data-e-type=\"widget\" data-widget_type=\"text-editor.default\">\n\t\t\t\t<div class=\"elementor-widget-container\">\n\t\t\t\t\t\t\t\t\t<p>Vandra of Sweden har valt ut tv\u00e5 av deras favoritstr\u00e4ckor l\u00e4ngs S:t Olavsleden som de erbjuder paketerade vandringar l\u00e4ngs. Det \u00e4r str\u00e4ckan \u00d6stersund-\u00c5re i Sverige och Stikklestad-Trondheim i Norge.<\/p><p>Vid \u00f6nskem\u00e5l hj\u00e4lper de dock g\u00e4rna till att paketera \u00e4ven andra delar av leden. Vandra \u00e4r specialiserade p\u00e5 just vandringar och har mycket god erfarenhet fr\u00e5n vandringsresor runt om i hela Europa.<\/p><p><strong>Bokning och mer information:<\/strong>\u00a0<a href=\"https:\/\/vandra.se\/vandringsresor\/sverige\/st-olavsleden-sverige\/\" target=\"_blank\" rel=\"noopener\">www.vandra.se<\/a><\/p>\t\t\t\t\t\t\t\t<\/div>\n\t\t\t\t<\/div>\n\t\t\t\t\t<\/div>\n\t\t<\/div>\n\t\t\t\t<div class=\"elementor-column elementor-col-33 elementor-top-column elementor-element elementor-element-512973f\" data-id=\"512973f\" data-element_type=\"column\" data-e-type=\"column\">\n\t\t\t<div class=\"elementor-widget-wrap elementor-element-populated\">\n\t\t\t\t\t\t<div class=\"elementor-element elementor-element-1c25059 elementor-widget elementor-widget-image\" data-id=\"1c25059\" data-element_type=\"widget\" data-e-type=\"widget\" data-widget_type=\"image.default\">\n\t\t\t\t<div class=\"elementor-widget-container\">\n\t\t\t\t\t\t\t\t\t\t\t\t\t\t\t<img decoding=\"async\" width=\"640\" height=\"360\" src=\"https:\/\/stolavsleden.com\/wp-content\/uploads\/2024\/05\/Skarmavbild-2024-05-14-kl.-09.08.23-1024x576.png\" class=\"attachment-large size-large wp-image-8993\" alt=\"\" srcset=\"https:\/\/stolavsleden.com\/wp-content\/uploads\/2024\/05\/Skarmavbild-2024-05-14-kl.-09.08.23-1024x576.png 1024w, https:\/\/stolavsleden.com\/wp-content\/uploads\/2024\/05\/Skarmavbild-2024-05-14-kl.-09.08.23-768x432.png 768w, https:\/\/stolavsleden.com\/wp-content\/uploads\/2024\/05\/Skarmavbild-2024-05-14-kl.-09.08.23.png 1496w\" sizes=\"(max-width: 640px) 100vw, 640px\" \/>\t\t\t\t\t\t\t\t\t\t\t\t\t\t\t<\/div>\n\t\t\t\t<\/div>\n\t\t\t\t<div class=\"elementor-element elementor-element-c00038b elementor-widget elementor-widget-text-editor\" data-id=\"c00038b\" data-element_type=\"widget\" data-e-type=\"widget\" data-widget_type=\"text-editor.default\">\n\t\t\t\t<div class=\"elementor-widget-container\">\n\t\t\t\t\t\t\t\t\t<p class=\"p1\">Mid Scandinavia Tours tar dig bort fr\u00e5n turiststr\u00e5ken till de mest dolda och unika platserna i Skandinavien. F\u00f6lj med p\u00e5 den tio dagar l\u00e5nga guidade bussturen som tar dig fr\u00e5n Sundsvall till Trondheim d\u00e4r vi stannar till och g\u00e5r de vackraste delarna av pilgrimsleden.<\/p><p class=\"p1\">Du kommer att resa i en liten grupp p\u00e5 10 till 15 personer och uppleva S:t Olavsleden genom noggrant utvalda aktiviteter, unika boende och lokal mat. S:t Olavsledens pilgrimstur 2025 \u00e4r \u00f6ppen f\u00f6r bokning!<\/p><p class=\"p1\"><strong>Bokning och mer information:<\/strong> <a href=\"http:\/\/www.midscandinaviatours.com\" target=\"_blank\" rel=\"noopener\">www.midscandinaviatours.com<\/a><\/p>\t\t\t\t\t\t\t\t<\/div>\n\t\t\t\t<\/div>\n\t\t\t\t\t<\/div>\n\t\t<\/div>\n\t\t\t\t<div class=\"elementor-column elementor-col-33 elementor-top-column elementor-element elementor-element-2c8a205\" data-id=\"2c8a205\" data-element_type=\"column\" data-e-type=\"column\">\n\t\t\t<div class=\"elementor-widget-wrap elementor-element-populated\">\n\t\t\t\t\t\t<div class=\"elementor-element elementor-element-8cf974b elementor-widget elementor-widget-image\" data-id=\"8cf974b\" data-element_type=\"widget\" data-e-type=\"widget\" data-widget_type=\"image.default\">\n\t\t\t\t<div class=\"elementor-widget-container\">\n\t\t\t\t\t\t\t\t\t\t\t\t\t\t\t<img decoding=\"async\" width=\"640\" height=\"360\" src=\"https:\/\/stolavsleden.com\/wp-content\/uploads\/2023\/06\/AktivUt-1024x576.jpg\" class=\"attachment-large size-large wp-image-8751\" alt=\"AktivUt Travels logga med cyklister l\u00e4ngs St Olavsleden i bakgrunden\" srcset=\"https:\/\/stolavsleden.com\/wp-content\/uploads\/2023\/06\/AktivUt-1024x576.jpg 1024w, https:\/\/stolavsleden.com\/wp-content\/uploads\/2023\/06\/AktivUt-768x432.jpg 768w, https:\/\/stolavsleden.com\/wp-content\/uploads\/2023\/06\/AktivUt-1536x864.jpg 1536w, https:\/\/stolavsleden.com\/wp-content\/uploads\/2023\/06\/AktivUt-2048x1152.jpg 2048w\" sizes=\"(max-width: 640px) 100vw, 640px\" \/>\t\t\t\t\t\t\t\t\t\t\t\t\t\t\t<\/div>\n\t\t\t\t<\/div>\n\t\t\t\t<div class=\"elementor-element elementor-element-17cd787 elementor-widget elementor-widget-text-editor\" data-id=\"17cd787\" data-element_type=\"widget\" data-e-type=\"widget\" data-widget_type=\"text-editor.default\">\n\t\t\t\t<div class=\"elementor-widget-container\">\n\t\t\t\t\t\t\t\t\t<p>F\u00f6r grupper om \u00e5tta personer eller fler bokar AktivUt Travels vandringar eller cykelturer l\u00e4ngs S:t Olavsleden. De erbjuder b\u00e5de f\u00e4rdiga turf\u00f6rslag och m\u00f6jligheten att skr\u00e4ddarsy utifr\u00e5n dina \u00f6nskem\u00e5l.\u00a0<\/p><p>AktivUt Travels \u00e4r ett lokalt f\u00f6retag, med basen i \u00d6stersund, och med stor erfarenhet fr\u00e5n b\u00e5de vandring och cykel l\u00e4ngs S:t Olavsleden. De ser till att er gruppresa f\u00e5r den inramning och det utf\u00f6rande ni \u00f6nskar.<\/p><p><strong>Bokning och mer information:<\/strong>\u00a0<a href=\"https:\/\/aktivut.se\/sommar\/\" target=\"_blank\" rel=\"noopener\">www.aktivut.se<\/a><\/p>\t\t\t\t\t\t\t\t<\/div>\n\t\t\t\t<\/div>\n\t\t\t\t\t<\/div>\n\t\t<\/div>\n\t\t\t\t\t<\/div>\n\t\t<\/section>\n\t\t\t\t<\/div>\n\t\t","protected":false},"excerpt":{"rendered":"<p>Vandra of Sweden har valt ut tv\u00e5 av deras favoritstr\u00e4ckor l\u00e4ngs S:t Olavsleden som de erbjuder paketerade vandringar l\u00e4ngs. Det \u00e4r str\u00e4ckan \u00d6stersund-\u00c5re i Sverige och Stikklestad-Trondheim i Norge. Vid \u00f6nskem\u00e5l hj\u00e4lper de dock g\u00e4rna till att paketera \u00e4ven andra delar av leden. Vandra \u00e4r specialiserade p\u00e5 just vandringar och har mycket god erfarenhet fr\u00e5n [&hellip;]<\/p>\n","protected":false},"author":12,"featured_media":2394,"parent":0,"menu_order":0,"comment_status":"closed","ping_status":"closed","template":"","meta":{"_acf_changed":false,"footnotes":""},"class_list":["post-6158","page","type-page","status-publish","has-post-thumbnail","hentry"],"acf":[],"_links":{"self":[{"href":"https:\/\/stolavsleden.com\/sv\/wp-json\/wp\/v2\/pages\/6158","targetHints":{"allow":["GET"]}}],"collection":[{"href":"https:\/\/stolavsleden.com\/sv\/wp-json\/wp\/v2\/pages"}],"about":[{"href":"https:\/\/stolavsleden.com\/sv\/wp-json\/wp\/v2\/types\/page"}],"author":[{"embeddable":true,"href":"https:\/\/stolavsleden.com\/sv\/wp-json\/wp\/v2\/users\/12"}],"replies":[{"embeddable":true,"href":"https:\/\/stolavsleden.com\/sv\/wp-json\/wp\/v2\/comments?post=6158"}],"version-history":[{"count":3,"href":"https:\/\/stolavsleden.com\/sv\/wp-json\/wp\/v2\/pages\/6158\/revisions"}],"predecessor-version":[{"id":9281,"href":"https:\/\/stolavsleden.com\/sv\/wp-json\/wp\/v2\/pages\/6158\/revisions\/9281"}],"wp:featuredmedia":[{"embeddable":true,"href":"https:\/\/stolavsleden.com\/sv\/wp-json\/wp\/v2\/media\/2394"}],"wp:attachment":[{"href":"https:\/\/stolavsleden.com\/sv\/wp-json\/wp\/v2\/media?parent=6158"}],"curies":[{"name":"wp","href":"https:\/\/api.w.org\/{rel}","templated":true}]}}