{"id":2350,"date":"2020-02-18T12:32:28","date_gmt":"2020-02-18T11:32:28","guid":{"rendered":"https:\/\/stolavsleden.se\/hiking\/"},"modified":"2022-06-15T18:10:35","modified_gmt":"2022-06-15T16:10:35","slug":"vandring","status":"publish","type":"page","link":"https:\/\/stolavsleden.com\/sv\/vandring\/","title":{"rendered":"Vandring"},"content":{"rendered":"\n<h2 class=\"wp-block-heading\">Planera din vandring<\/h2>\n\n\n\n<p>S:t Olavsleden \u00e4r ungef\u00e4r 580 kilometer. Tusentals markeringar visar v\u00e4gen fram. Ungef\u00e4r 45% av leden \u00e4r grusv\u00e4gar, 36% \u00e4r asfalt och 19% \u00e4r vandring l\u00e4ngs stigar.<\/p>\n\n\n\n<div style=\"height:20px\" aria-hidden=\"true\" class=\"wp-block-spacer\"><\/div>\n\n\n\n<div class=\"wp-block-columns is-layout-flex wp-container-core-columns-is-layout-9d6595d7 wp-block-columns-is-layout-flex\">\n<div class=\"wp-block-column is-layout-flow wp-block-column-is-layout-flow\">\n<h3 class=\"wp-block-heading\">S\u00e4ng eller t\u00e4lt<\/h3>\n\n\n\n<figure class=\"wp-block-image size-large\"><img fetchpriority=\"high\" decoding=\"async\" width=\"1024\" height=\"576\" src=\"https:\/\/stolavsleden.com\/wp-content\/uploads\/2020\/03\/St.-Olavsleden_accommodation-1024x576.jpg\" alt=\"\" class=\"wp-image-2277\" srcset=\"https:\/\/stolavsleden.com\/wp-content\/uploads\/2020\/03\/St.-Olavsleden_accommodation-1024x576.jpg 1024w, https:\/\/stolavsleden.com\/wp-content\/uploads\/2020\/03\/St.-Olavsleden_accommodation-300x169.jpg 300w, https:\/\/stolavsleden.com\/wp-content\/uploads\/2020\/03\/St.-Olavsleden_accommodation-768x432.jpg 768w, https:\/\/stolavsleden.com\/wp-content\/uploads\/2020\/03\/St.-Olavsleden_accommodation-1536x864.jpg 1536w, https:\/\/stolavsleden.com\/wp-content\/uploads\/2020\/03\/St.-Olavsleden_accommodation-2048x1152.jpg 2048w\" sizes=\"(max-width: 1024px) 100vw, 1024px\" \/><\/figure>\n\n\n\n<p>Det finns bra med boende l\u00e4ngs v\u00e4gen och du kan hitta alla p\u00e5&nbsp;<a href=\"https:\/\/stolavsleden.com\/sv\/boende\/\">boendesidan.<\/a>&nbsp;Ett gott r\u00e5d \u00e4r att boka i f\u00f6rv\u00e4g eftersom m\u00e5nga boenden \u00e4r sm\u00e5 med ett f\u00e5tal s\u00e4ngplatser.<\/p>\n\n\n\n<p>Att t\u00e4lta \u00e4r s\u00e5 klart en m\u00f6jlighet. Kom ih\u00e5g att f\u00f6lja allemansr\u00e4tten dvs aldrig t\u00e4lta mer \u00e4n tv\u00e5 n\u00e4tter p\u00e5 samma st\u00e4lle, aldrig p\u00e5 n\u00e5gons privata tomt. T\u00e4ltar du s\u00e5 m\u00e5ste du vara extra noggrann med att inte skr\u00e4pa ner och l\u00e4mna platsen p\u00e5 samma s\u00e4tt du fann den.\n\nVi f\u00f6rordar att du planerar att genomf\u00f6ra vandringen med l\u00e4tt packning, max 10 kg. Detta f\u00f6r att din vandring ska bli den upplevelse du efterfr\u00e5gar.<\/p>\n<\/div>\n\n\n\n<div class=\"wp-block-column is-layout-flow wp-block-column-is-layout-flow\">\n<h3 class=\"wp-block-heading\">Kombinera med t\u00e5g<\/h3>\n\n\n\n<figure class=\"wp-block-image size-large\"><img decoding=\"async\" width=\"1024\" height=\"576\" src=\"https:\/\/stolavsleden.com\/wp-content\/uploads\/2020\/03\/St.Olavsleden_hiking-1024x576.jpg\" alt=\"\" class=\"wp-image-2287\" srcset=\"https:\/\/stolavsleden.com\/wp-content\/uploads\/2020\/03\/St.Olavsleden_hiking-1024x576.jpg 1024w, https:\/\/stolavsleden.com\/wp-content\/uploads\/2020\/03\/St.Olavsleden_hiking-300x169.jpg 300w, https:\/\/stolavsleden.com\/wp-content\/uploads\/2020\/03\/St.Olavsleden_hiking-768x432.jpg 768w, https:\/\/stolavsleden.com\/wp-content\/uploads\/2020\/03\/St.Olavsleden_hiking-1536x864.jpg 1536w, https:\/\/stolavsleden.com\/wp-content\/uploads\/2020\/03\/St.Olavsleden_hiking-2048x1152.jpg 2048w\" sizes=\"(max-width: 1024px) 100vw, 1024px\" \/><\/figure>\n\n\n\n<p>Om du inte vill vandra hela leden utan bara vissa delar s\u00e5 g\u00e5r det l\u00e4tt att kombinera med t\u00e5g. Det lokala t\u00e5get f\u00f6ljer leden n\u00e4stan hela v\u00e4gen till Trondheim med m\u00e5nga stopp l\u00e4ngs v\u00e4gen. Mer information hittar du p\u00e5&nbsp;<a href=\"https:\/\/www.norrtag.se\/#\/\" target=\"_blank\" rel=\"noreferrer noopener\" aria-label=\"Norrt\u00e5g.se (opens in a new tab)\">Norrt\u00e5g.se<\/a>&nbsp;eller&nbsp;<a href=\"http:\/\/sj.se\/\" target=\"_blank\" rel=\"noreferrer noopener\">SJ.se<\/a>.<\/p>\n\n\n\n<p>P\u00e5 n\u00e5gra st\u00e4llen kan bussen vara ett b\u00e4ttre alternativ. H\u00f6r med turistbyr\u00e5n eller l\u00e4s mer p\u00e5 Resa till och fr\u00e5n S:t Olavsleden.<\/p>\n<\/div>\n<\/div>\n\n\n\n<div class=\"wp-block-columns is-layout-flex wp-container-core-columns-is-layout-9d6595d7 wp-block-columns-is-layout-flex\">\n<div class=\"wp-block-column is-layout-flow wp-block-column-is-layout-flow\">\n<h3 class=\"wp-block-heading\">Paketerade turer<\/h3>\n\n\n\n<figure class=\"wp-block-image size-large\"><img decoding=\"async\" width=\"1024\" height=\"576\" src=\"https:\/\/stolavsleden.com\/wp-content\/uploads\/2020\/03\/stolavsleden_package-tours-1024x576.jpg\" alt=\"\" class=\"wp-image-2285\" srcset=\"https:\/\/stolavsleden.com\/wp-content\/uploads\/2020\/03\/stolavsleden_package-tours-1024x576.jpg 1024w, https:\/\/stolavsleden.com\/wp-content\/uploads\/2020\/03\/stolavsleden_package-tours-300x169.jpg 300w, https:\/\/stolavsleden.com\/wp-content\/uploads\/2020\/03\/stolavsleden_package-tours-768x432.jpg 768w, https:\/\/stolavsleden.com\/wp-content\/uploads\/2020\/03\/stolavsleden_package-tours-1536x864.jpg 1536w, https:\/\/stolavsleden.com\/wp-content\/uploads\/2020\/03\/stolavsleden_package-tours-2048x1152.jpg 2048w\" sizes=\"(max-width: 1024px) 100vw, 1024px\" \/><\/figure>\n\n\n\n<p>With its 580 kilometers, planning to hike St. Olavsleden might feel a bit overwhelming. Luckily there are tour operators that can help you with the details. <\/p>\n\n\n\n<p>Att planera en 580 kilometers vandring kan k\u00e4nnas stort. Det finns n\u00e5gra turoperat\u00f6rer som kan hj\u00e4lpa dig med alla detaljer.\n\nDu kan v\u00e4lja mellan f\u00e4rdiga paket, temavandringar eller skr\u00e4ddarsydda vandringsupplevelser. F\u00f6r grupper eller ensamvandrare. Hela leden eller delar av den.<\/p>\n\n\n\n<p>L\u00e4s mer om de olika m\u00f6jligheterna p\u00e5 sidan om<a href=\"https:\/\/stolavsleden.com\/sv\/paketresor\/\">&nbsp;paketresor.<\/a><\/p>\n<\/div>\n\n\n\n<div class=\"wp-block-column is-layout-flow wp-block-column-is-layout-flow\">\n<h3 class=\"wp-block-heading\">En fin gemenskap<\/h3>\n\n\n\n<figure class=\"wp-block-image size-large\"><img loading=\"lazy\" decoding=\"async\" width=\"1024\" height=\"576\" src=\"https:\/\/stolavsleden.com\/wp-content\/uploads\/2020\/03\/St.-Olavsleden_community-1-1024x576.jpg\" alt=\"\" class=\"wp-image-2289\" srcset=\"https:\/\/stolavsleden.com\/wp-content\/uploads\/2020\/03\/St.-Olavsleden_community-1-1024x576.jpg 1024w, https:\/\/stolavsleden.com\/wp-content\/uploads\/2020\/03\/St.-Olavsleden_community-1-300x169.jpg 300w, https:\/\/stolavsleden.com\/wp-content\/uploads\/2020\/03\/St.-Olavsleden_community-1-768x432.jpg 768w, https:\/\/stolavsleden.com\/wp-content\/uploads\/2020\/03\/St.-Olavsleden_community-1-1536x863.jpg 1536w, https:\/\/stolavsleden.com\/wp-content\/uploads\/2020\/03\/St.-Olavsleden_community-1.jpg 1980w\" sizes=\"(max-width: 1024px) 100vw, 1024px\" \/><\/figure>\n\n\n\n<p>Facebookgruppen \u201d<a href=\"https:\/\/www.facebook.com\/groups\/hikingstolavsleden\/\" target=\"_blank\" rel=\"noreferrer noopener\" aria-label=\"Hiking along St. Olavsleden (opens in a new tab)\">Hiking along St. Olavsleden<\/a>\u201d \u00e4r till f\u00f6r dem som \u00e4r intresserade av S:t Olavsleden, f\u00f6r dem som vill dela med sig av sina erfarenheter i text och bild, och f\u00f6r pilgrimer&nbsp;som planerar f\u00f6r sin resa, vill fr\u00e5ga efter r\u00e5d och tips eller bara ber\u00e4tta om sina upplevelser l\u00e4ngs v\u00e4gen. I den h\u00e4r gruppen kan vi inspirera varandra och ge varandra st\u00f6d. Skriv p\u00e5 vilket spr\u00e5k du vill i gruppen.<\/p>\n\n\n\n<p>Vi har \u00e4ven ett antal&nbsp;<a href=\"https:\/\/stolavsleden.com\/ambassadors\/\">ambassad\u00f6rer<\/a>&nbsp;som du f\u00e5r kontakta. Alla ambassad\u00f6rer har vandrat S:t Olavsleden och svara p\u00e5 dina fr\u00e5gor.<\/p>\n<\/div>\n<\/div>\n\n\n\n<div class=\"wp-block-columns is-layout-flex wp-container-core-columns-is-layout-9d6595d7 wp-block-columns-is-layout-flex\">\n<div class=\"wp-block-column is-layout-flow wp-block-column-is-layout-flow\">\n<h3 class=\"wp-block-heading\">Vandra med hund<\/h3>\n\n\n\n<figure class=\"wp-block-image size-large\"><img loading=\"lazy\" decoding=\"async\" width=\"1024\" height=\"576\" src=\"https:\/\/stolavsleden.com\/wp-content\/uploads\/2020\/03\/St.-Olavsleden_with-dog-1024x576.jpg\" alt=\"\" class=\"wp-image-2281\" srcset=\"https:\/\/stolavsleden.com\/wp-content\/uploads\/2020\/03\/St.-Olavsleden_with-dog-1024x576.jpg 1024w, https:\/\/stolavsleden.com\/wp-content\/uploads\/2020\/03\/St.-Olavsleden_with-dog-300x169.jpg 300w, https:\/\/stolavsleden.com\/wp-content\/uploads\/2020\/03\/St.-Olavsleden_with-dog-768x432.jpg 768w, https:\/\/stolavsleden.com\/wp-content\/uploads\/2020\/03\/St.-Olavsleden_with-dog-1536x864.jpg 1536w, https:\/\/stolavsleden.com\/wp-content\/uploads\/2020\/03\/St.-Olavsleden_with-dog-2048x1152.jpg 2048w\" sizes=\"(max-width: 1024px) 100vw, 1024px\" \/><\/figure>\n\n\n\n<p>Det g\u00e5r bra att vandra med hund l\u00e4ngs S:t Olavsleden men om du inte bor i Sverige eller Norge finns regler f\u00f6r din fyrbenta v\u00e4n.<\/p>\n\n\n\n<p>L\u00e4s mer vad som g\u00e4ller f\u00f6r att ta in en hund i Sverige p\u00e5&nbsp;<a href=\"http:\/\/www.jordbruksverket.se\/swedishboardofagriculture\/engelskasidor\/animals\/import\/dogscatsandferrets\/travelguidefordogsandcats.4.5819464415d2d6c9f027f7dd.html\" target=\"_blank\" rel=\"noreferrer noopener\">Jordbruksverkets hemsida.<\/a><\/p>\n\n\n\n<p>P\u00e5&nbsp;<a href=\"https:\/\/www.mattilsynet.no\/language\/english\/animals\/travelling_with_pets\/\" target=\"_blank\" rel=\"noreferrer noopener\" aria-label=\"Mattilsynets webpage (opens in a new tab)\">Mattilsynets hemsida<\/a>&nbsp;kan du l\u00e4sa vad som g\u00e4ller f\u00f6r att ta in en hund i Norge.<\/p>\n\n\n\n<p><strong>Notera att<\/strong> Norge har <strong>andra<\/strong> regler \u00e4n Sverige och alla m\u00e5ste bes\u00f6ka en veterin\u00e4r innan du korsar gr\u00e4nsen. Norge har ocks\u00e5 n\u00e5gra raser som de f\u00f6rbjuder att komma in i landet. F\u00f6r tillf\u00e4llet \u00e4r det :\n\u2013 Pit bull terrier\n\u2013 American Staffordshire terrier\n\u2013 Fila Brasileiro\n\u2013 Toso Inu\n\u2013 Dogo Argentino\n\u2013 Ceskoslovensk\u00fd vlciak<\/p>\n<\/div>\n\n\n\n<div class=\"wp-block-column is-layout-flow wp-block-column-is-layout-flow\">\n<h3 class=\"wp-block-heading\">L\u00f6pning<\/h3>\n\n\n\n<figure class=\"wp-block-image size-large\"><img loading=\"lazy\" decoding=\"async\" width=\"900\" height=\"506\" src=\"https:\/\/stolavsleden.com\/wp-content\/uploads\/2020\/03\/St.Olavsleden_running.jpg\" alt=\"\" class=\"wp-image-2298\" srcset=\"https:\/\/stolavsleden.com\/wp-content\/uploads\/2020\/03\/St.Olavsleden_running.jpg 900w, https:\/\/stolavsleden.com\/wp-content\/uploads\/2020\/03\/St.Olavsleden_running-300x169.jpg 300w, https:\/\/stolavsleden.com\/wp-content\/uploads\/2020\/03\/St.Olavsleden_running-768x432.jpg 768w\" sizes=\"(max-width: 900px) 100vw, 900px\" \/><\/figure>\n\n\n\n<p>Om du vill h\u00e5lla ett h\u00f6gt tempo s\u00e5 passar ocks\u00e5 S:t Olavsleden f\u00f6r l\u00f6pning. Som l\u00f6pare vill du i \u00e4nnu st\u00f6rre grad undvika att b\u00e4ra f\u00f6r mycket packning och ditt boende och dina matstopp blir d\u00e4rf\u00f6r viktigt att planera. Terr\u00e4ngen l\u00e4ngs S:t Olavsleden \u00e4r fin och varierad med b\u00e5de grusv\u00e4g, stig och asfalt. \u00c4r du ultral\u00f6pare eller l\u00e5ngdistansl\u00f6pare eller kanske bara l\u00f6pare som vill testa n\u00e5got nytt? S:t Olavsleden funkar f\u00f6r alla.<\/p>\n<\/div>\n<\/div>\n\n\n\n<div class=\"wp-block-columns is-layout-flex wp-container-core-columns-is-layout-9d6595d7 wp-block-columns-is-layout-flex\">\n<div class=\"wp-block-column is-vertically-aligned-center is-layout-flow wp-block-column-is-layout-flow\" style=\"flex-basis:33.33%\">\n<h2 class=\"wp-block-heading\">Pilgrims-ber\u00e4ttelser<\/h2>\n\n\n\n<p>M\u00f6t pilgrimer fr\u00e5n hela v\u00e4rlden som delar med sig sina historier fr\u00e5n S:t Olavsleden. Titta p\u00e5 eller l\u00e4s deras&nbsp;<a href=\"https:\/\/stolavsleden.com\/sv\/berattelser\/\">ber\u00e4ttelser h\u00e4r<\/a>.<\/p>\n<\/div>\n\n\n\n<div class=\"wp-block-column is-layout-flow wp-block-column-is-layout-flow\" style=\"flex-basis:66.66%\">\n<figure class=\"wp-block-embed is-type-video is-provider-youtube wp-block-embed-youtube wp-embed-aspect-16-9 wp-has-aspect-ratio\"><div class=\"wp-block-embed__wrapper\">\n<div id=\"video\"><iframe title=\"Pilgrim Stories: Mike and Silas Ligtenbergs journey on St Olavsleden\" width=\"640\" height=\"360\" src=\"https:\/\/www.youtube.com\/embed\/GKR52lqSsYY?list=PLZlrClbOrhQwmyf-DuE9f3RiVBDxmmdfZ\" frameborder=\"0\" allow=\"accelerometer; autoplay; clipboard-write; encrypted-media; gyroscope; picture-in-picture; web-share\" referrerpolicy=\"strict-origin-when-cross-origin\" allowfullscreen><\/iframe><\/div>\n<\/div><\/figure>\n<\/div>\n<\/div>\n\n\n\n<div class=\"wp-block-columns is-layout-flex wp-container-core-columns-is-layout-9d6595d7 wp-block-columns-is-layout-flex\">\n<div class=\"wp-block-column is-layout-flow wp-block-column-is-layout-flow\" style=\"flex-basis:66.66%\">\n<h2 class=\"wp-block-heading\">Karta<\/h2>\n\n\n\n<p>Det h\u00e4r \u00e4r en digital karta. Du kan zooma och klicka p\u00e5 boenden l\u00e4ngs S:t Olavsleden, f\u00e5 mer information om vad de erbjuder och se kontaktuppgifter. Du kan filtrera kartan och l\u00e4sa om delar av leden, se servicesst\u00e4llen och sev\u00e4rdheter. Du kan ocks\u00e5 ladda ner en karta f\u00f6r utskrift samt en lista \u00f6ver boenden l\u00e4ngs leden.<\/p>\n<\/div>\n\n\n\n<div class=\"wp-block-column is-layout-flow wp-block-column-is-layout-flow\" style=\"flex-basis:33.33%\"><\/div>\n<\/div>\n","protected":false},"excerpt":{"rendered":"<p>Planera din vandring S:t Olavsleden \u00e4r ungef\u00e4r 580 kilometer. Tusentals markeringar visar v\u00e4gen fram. Ungef\u00e4r 45% av leden \u00e4r grusv\u00e4gar, 36% \u00e4r asfalt och 19% \u00e4r vandring l\u00e4ngs stigar. S\u00e4ng eller t\u00e4lt Det finns bra med boende l\u00e4ngs v\u00e4gen och du kan hitta alla p\u00e5&nbsp;boendesidan.&nbsp;Ett gott r\u00e5d \u00e4r att boka i f\u00f6rv\u00e4g eftersom m\u00e5nga boenden [&hellip;]<\/p>\n","protected":false},"author":3,"featured_media":2243,"parent":0,"menu_order":0,"comment_status":"closed","ping_status":"closed","template":"","meta":{"_acf_changed":false,"footnotes":""},"class_list":["post-2350","page","type-page","status-publish","has-post-thumbnail","hentry"],"acf":[],"_links":{"self":[{"href":"https:\/\/stolavsleden.com\/sv\/wp-json\/wp\/v2\/pages\/2350","targetHints":{"allow":["GET"]}}],"collection":[{"href":"https:\/\/stolavsleden.com\/sv\/wp-json\/wp\/v2\/pages"}],"about":[{"href":"https:\/\/stolavsleden.com\/sv\/wp-json\/wp\/v2\/types\/page"}],"author":[{"embeddable":true,"href":"https:\/\/stolavsleden.com\/sv\/wp-json\/wp\/v2\/users\/3"}],"replies":[{"embeddable":true,"href":"https:\/\/stolavsleden.com\/sv\/wp-json\/wp\/v2\/comments?post=2350"}],"version-history":[{"count":3,"href":"https:\/\/stolavsleden.com\/sv\/wp-json\/wp\/v2\/pages\/2350\/revisions"}],"predecessor-version":[{"id":8130,"href":"https:\/\/stolavsleden.com\/sv\/wp-json\/wp\/v2\/pages\/2350\/revisions\/8130"}],"wp:featuredmedia":[{"embeddable":true,"href":"https:\/\/stolavsleden.com\/sv\/wp-json\/wp\/v2\/media\/2243"}],"wp:attachment":[{"href":"https:\/\/stolavsleden.com\/sv\/wp-json\/wp\/v2\/media?parent=2350"}],"curies":[{"name":"wp","href":"https:\/\/api.w.org\/{rel}","templated":true}]}}