{"id":2234,"date":"2020-02-18T12:20:38","date_gmt":"2020-02-18T11:20:38","guid":{"rendered":"https:\/\/stolavsleden.se\/faq\/"},"modified":"2025-07-10T10:41:43","modified_gmt":"2025-07-10T08:41:43","slug":"faq","status":"publish","type":"page","link":"https:\/\/stolavsleden.com\/sv\/faq\/","title":{"rendered":"Fr\u00e5gor &#038; Svar"},"content":{"rendered":"\t\t<div data-elementor-type=\"wp-page\" data-elementor-id=\"2234\" class=\"elementor elementor-2234 elementor-375\" data-elementor-post-type=\"page\">\n\t\t\t\t\t\t<section class=\"elementor-section elementor-top-section elementor-element elementor-element-44d41c97 elementor-section-boxed elementor-section-height-default elementor-section-height-default\" data-id=\"44d41c97\" data-element_type=\"section\" data-e-type=\"section\">\n\t\t\t\t\t\t<div class=\"elementor-container elementor-column-gap-no\">\n\t\t\t\t\t<div class=\"elementor-column elementor-col-50 elementor-top-column elementor-element elementor-element-587ef6c1\" data-id=\"587ef6c1\" data-element_type=\"column\" data-e-type=\"column\">\n\t\t\t<div class=\"elementor-widget-wrap elementor-element-populated\">\n\t\t\t\t\t\t<div class=\"elementor-element elementor-element-21d596e elementor-widget elementor-widget-accordion\" data-id=\"21d596e\" data-element_type=\"widget\" data-e-type=\"widget\" data-widget_type=\"accordion.default\">\n\t\t\t\t<div class=\"elementor-widget-container\">\n\t\t\t\t\t\t\t<div class=\"elementor-accordion\">\n\t\t\t\t\t\t\t<div class=\"elementor-accordion-item\">\n\t\t\t\t\t<div id=\"elementor-tab-title-3541\" class=\"elementor-tab-title\" data-tab=\"1\" role=\"button\" aria-controls=\"elementor-tab-content-3541\" aria-expanded=\"false\">\n\t\t\t\t\t\t\t\t\t\t\t\t\t<span class=\"elementor-accordion-icon elementor-accordion-icon-left\" aria-hidden=\"true\">\n\t\t\t\t\t\t\t\t\t\t\t\t\t\t\t<span class=\"elementor-accordion-icon-closed\"><i class=\"fas fa-caret-right\"><\/i><\/span>\n\t\t\t\t\t\t\t\t<span class=\"elementor-accordion-icon-opened\"><i class=\"fas fa-caret-down\"><\/i><\/span>\n\t\t\t\t\t\t\t\t\t\t\t\t\t\t<\/span>\n\t\t\t\t\t\t\t\t\t\t\t\t<a class=\"elementor-accordion-title\" tabindex=\"0\">Vad \u00e4r S:t Olavsleden?<\/a>\n\t\t\t\t\t<\/div>\n\t\t\t\t\t<div id=\"elementor-tab-content-3541\" class=\"elementor-tab-content elementor-clearfix\" data-tab=\"1\" role=\"region\" aria-labelledby=\"elementor-tab-title-3541\"><p>S:t Olavsleden \u00e4r en pilgrimsled fr\u00e5n medeltiden. Leden str\u00e4cker sig genom ett svenskt\/norskt kulturlandskap fr\u00e5n Bottenhavet i \u00f6ster till Atlanten i v\u00e4ster, fr\u00e5n Sel\u00e5nger (Sverige) till Trondheim (Norge). Det var i Sel\u00e5nger vikingen Olav Haraldsson landsteg \u00e5r 1030 och p\u00e5b\u00f6rjade vandringen till Norge och Trondheim f\u00f6r att \u00e5terta makten efter tv\u00e5 \u00e5r i landsflykt i Ryssland. Leden \u00e5terinvigdes 2013 efter omfattande renoveringsarbete.<\/p>\n<\/div>\n\t\t\t\t<\/div>\n\t\t\t\t\t\t\t<div class=\"elementor-accordion-item\">\n\t\t\t\t\t<div id=\"elementor-tab-title-3542\" class=\"elementor-tab-title\" data-tab=\"2\" role=\"button\" aria-controls=\"elementor-tab-content-3542\" aria-expanded=\"false\">\n\t\t\t\t\t\t\t\t\t\t\t\t\t<span class=\"elementor-accordion-icon elementor-accordion-icon-left\" aria-hidden=\"true\">\n\t\t\t\t\t\t\t\t\t\t\t\t\t\t\t<span class=\"elementor-accordion-icon-closed\"><i class=\"fas fa-caret-right\"><\/i><\/span>\n\t\t\t\t\t\t\t\t<span class=\"elementor-accordion-icon-opened\"><i class=\"fas fa-caret-down\"><\/i><\/span>\n\t\t\t\t\t\t\t\t\t\t\t\t\t\t<\/span>\n\t\t\t\t\t\t\t\t\t\t\t\t<a class=\"elementor-accordion-title\" tabindex=\"0\">Hur l\u00e5ng \u00e4r S:t Olavsleden?<\/a>\n\t\t\t\t\t<\/div>\n\t\t\t\t\t<div id=\"elementor-tab-content-3542\" class=\"elementor-tab-content elementor-clearfix\" data-tab=\"2\" role=\"region\" aria-labelledby=\"elementor-tab-title-3542\"><p>Den \u00e4r cirka 580 kilometer l\u00e5ng. 1000-tals markeringar och stolpar visar v\u00e4gen. Ungef\u00e4r 45% av leden g\u00e5r l\u00e4ngs grusv\u00e4gar, 36% l\u00e4ngs asfalterade v\u00e4gar och 19% p\u00e5 stig.<\/p>\n<\/div>\n\t\t\t\t<\/div>\n\t\t\t\t\t\t\t<div class=\"elementor-accordion-item\">\n\t\t\t\t\t<div id=\"elementor-tab-title-3543\" class=\"elementor-tab-title\" data-tab=\"3\" role=\"button\" aria-controls=\"elementor-tab-content-3543\" aria-expanded=\"false\">\n\t\t\t\t\t\t\t\t\t\t\t\t\t<span class=\"elementor-accordion-icon elementor-accordion-icon-left\" aria-hidden=\"true\">\n\t\t\t\t\t\t\t\t\t\t\t\t\t\t\t<span class=\"elementor-accordion-icon-closed\"><i class=\"fas fa-caret-right\"><\/i><\/span>\n\t\t\t\t\t\t\t\t<span class=\"elementor-accordion-icon-opened\"><i class=\"fas fa-caret-down\"><\/i><\/span>\n\t\t\t\t\t\t\t\t\t\t\t\t\t\t<\/span>\n\t\t\t\t\t\t\t\t\t\t\t\t<a class=\"elementor-accordion-title\" tabindex=\"0\">Kan man g\u00e5 delar av str\u00e4ckan?<\/a>\n\t\t\t\t\t<\/div>\n\t\t\t\t\t<div id=\"elementor-tab-content-3543\" class=\"elementor-tab-content elementor-clearfix\" data-tab=\"3\" role=\"region\" aria-labelledby=\"elementor-tab-title-3543\"><p>Ja, det g\u00e5r utm\u00e4rkt. P\u00e5 sidan\u00a0<a href=\"https:\/\/stolavsleden.com\/sv\/selanger-borgsjo\/\">etapper<\/a>\u00a0kan du l\u00e4sa mer om vad de olika delarna av leden erbjuder och hitta dagsetapper som passar dig. Leden passerar ofta v\u00e4gar och byar vilket inneb\u00e4r att det \u00e4r enkelt att kliva p\u00e5 n\u00e4stan var som helst och vandra en kortare str\u00e4cka. Undantaget \u00e4r str\u00e4ckan Duved-Vukku d\u00e4r det inte finns kollektivtrafik att tillg\u00e5.<\/p>\n<\/div>\n\t\t\t\t<\/div>\n\t\t\t\t\t\t\t<div class=\"elementor-accordion-item\">\n\t\t\t\t\t<div id=\"elementor-tab-title-3544\" class=\"elementor-tab-title\" data-tab=\"4\" role=\"button\" aria-controls=\"elementor-tab-content-3544\" aria-expanded=\"false\">\n\t\t\t\t\t\t\t\t\t\t\t\t\t<span class=\"elementor-accordion-icon elementor-accordion-icon-left\" aria-hidden=\"true\">\n\t\t\t\t\t\t\t\t\t\t\t\t\t\t\t<span class=\"elementor-accordion-icon-closed\"><i class=\"fas fa-caret-right\"><\/i><\/span>\n\t\t\t\t\t\t\t\t<span class=\"elementor-accordion-icon-opened\"><i class=\"fas fa-caret-down\"><\/i><\/span>\n\t\t\t\t\t\t\t\t\t\t\t\t\t\t<\/span>\n\t\t\t\t\t\t\t\t\t\t\t\t<a class=\"elementor-accordion-title\" tabindex=\"0\">Hur l\u00e5ng tid tar det att vandra hela str\u00e4ckan?<\/a>\n\t\t\t\t\t<\/div>\n\t\t\t\t\t<div id=\"elementor-tab-content-3544\" class=\"elementor-tab-content elementor-clearfix\" data-tab=\"4\" role=\"region\" aria-labelledby=\"elementor-tab-title-3544\"><p>Uppskattningsvis omkring 30 dagar.<\/p>\n<\/div>\n\t\t\t\t<\/div>\n\t\t\t\t\t\t\t<div class=\"elementor-accordion-item\">\n\t\t\t\t\t<div id=\"elementor-tab-title-3545\" class=\"elementor-tab-title\" data-tab=\"5\" role=\"button\" aria-controls=\"elementor-tab-content-3545\" aria-expanded=\"false\">\n\t\t\t\t\t\t\t\t\t\t\t\t\t<span class=\"elementor-accordion-icon elementor-accordion-icon-left\" aria-hidden=\"true\">\n\t\t\t\t\t\t\t\t\t\t\t\t\t\t\t<span class=\"elementor-accordion-icon-closed\"><i class=\"fas fa-caret-right\"><\/i><\/span>\n\t\t\t\t\t\t\t\t<span class=\"elementor-accordion-icon-opened\"><i class=\"fas fa-caret-down\"><\/i><\/span>\n\t\t\t\t\t\t\t\t\t\t\t\t\t\t<\/span>\n\t\t\t\t\t\t\t\t\t\t\t\t<a class=\"elementor-accordion-title\" tabindex=\"0\">Vilken tid p\u00e5 \u00e5ret \u00e4r b\u00e4st att g\u00e5?<\/a>\n\t\t\t\t\t<\/div>\n\t\t\t\t\t<div id=\"elementor-tab-content-3545\" class=\"elementor-tab-content elementor-clearfix\" data-tab=\"5\" role=\"region\" aria-labelledby=\"elementor-tab-title-3545\"><p>Den huvudsakliga vandringss\u00e4songen \u00e4r fr\u00e5n mitten av maj till mitten av september. I maj respektive september\u00a0kan det ligga kvar sn\u00f6, eller ha kommit sn\u00f6 p\u00e5 vissa platser. Ska du vandra tidigare eller senare \u00e4n n\u00e4mnda period kan du kontakta turistbyr\u00e5erna l\u00e4ngs leden f\u00f6r mer detaljerad information om f\u00f6rh\u00e5llandena.<\/p>\n<\/div>\n\t\t\t\t<\/div>\n\t\t\t\t\t\t\t<div class=\"elementor-accordion-item\">\n\t\t\t\t\t<div id=\"elementor-tab-title-3546\" class=\"elementor-tab-title\" data-tab=\"6\" role=\"button\" aria-controls=\"elementor-tab-content-3546\" aria-expanded=\"false\">\n\t\t\t\t\t\t\t\t\t\t\t\t\t<span class=\"elementor-accordion-icon elementor-accordion-icon-left\" aria-hidden=\"true\">\n\t\t\t\t\t\t\t\t\t\t\t\t\t\t\t<span class=\"elementor-accordion-icon-closed\"><i class=\"fas fa-caret-right\"><\/i><\/span>\n\t\t\t\t\t\t\t\t<span class=\"elementor-accordion-icon-opened\"><i class=\"fas fa-caret-down\"><\/i><\/span>\n\t\t\t\t\t\t\t\t\t\t\t\t\t\t<\/span>\n\t\t\t\t\t\t\t\t\t\t\t\t<a class=\"elementor-accordion-title\" tabindex=\"0\">V\u00e4der<\/a>\n\t\t\t\t\t<\/div>\n\t\t\t\t\t<div id=\"elementor-tab-content-3546\" class=\"elementor-tab-content elementor-clearfix\" data-tab=\"6\" role=\"region\" aria-labelledby=\"elementor-tab-title-3546\"><p>V\u00e4dret \u00e4r varierande, den \u00f6stra delen \u00e4r oftast varmare, str\u00e4ckan fr\u00e5n \u00d6stersund till Trondheim kan vara kallare p\u00e5 grund av att den passerar fj\u00e4llkedjan. Det kan vara bara att ha lite koll p\u00e5 v\u00e4dertj\u00e4nsterna,\u00a0<a href=\"https:\/\/www.smhi.se\/\" target=\"_blank\" rel=\"noopener\">SMHI.se<\/a>\u00a0och\u00a0<a href=\"https:\/\/www.yr.no\/\" target=\"_blank\" rel=\"noopener\">Yr.no<\/a>, s\u00e5 man vet hur man ska kl\u00e4 sig p\u00e5 sin vandring.<strong>\u00a0<\/strong><\/p>\n<\/div>\n\t\t\t\t<\/div>\n\t\t\t\t\t\t\t<div class=\"elementor-accordion-item\">\n\t\t\t\t\t<div id=\"elementor-tab-title-3547\" class=\"elementor-tab-title\" data-tab=\"7\" role=\"button\" aria-controls=\"elementor-tab-content-3547\" aria-expanded=\"false\">\n\t\t\t\t\t\t\t\t\t\t\t\t\t<span class=\"elementor-accordion-icon elementor-accordion-icon-left\" aria-hidden=\"true\">\n\t\t\t\t\t\t\t\t\t\t\t\t\t\t\t<span class=\"elementor-accordion-icon-closed\"><i class=\"fas fa-caret-right\"><\/i><\/span>\n\t\t\t\t\t\t\t\t<span class=\"elementor-accordion-icon-opened\"><i class=\"fas fa-caret-down\"><\/i><\/span>\n\t\t\t\t\t\t\t\t\t\t\t\t\t\t<\/span>\n\t\t\t\t\t\t\t\t\t\t\t\t<a class=\"elementor-accordion-title\" tabindex=\"0\">Kan jag g\u00e5 leden sj\u00e4lv?<\/a>\n\t\t\t\t\t<\/div>\n\t\t\t\t\t<div id=\"elementor-tab-content-3547\" class=\"elementor-tab-content elementor-clearfix\" data-tab=\"7\" role=\"region\" aria-labelledby=\"elementor-tab-title-3547\"><p>Ja, det g\u00e5r j\u00e4ttebra men om du vill ha hj\u00e4lp och s\u00e4llskap kan du ta del av v\u00e5ra\u00a0<u><a href=\"https:\/\/stolavsleden.com\/sv\/paketresor\/\" target=\"_blank\" rel=\"noopener\">paketresor<\/a>.<\/u><\/p>\n<\/div>\n\t\t\t\t<\/div>\n\t\t\t\t\t\t\t<div class=\"elementor-accordion-item\">\n\t\t\t\t\t<div id=\"elementor-tab-title-3548\" class=\"elementor-tab-title\" data-tab=\"8\" role=\"button\" aria-controls=\"elementor-tab-content-3548\" aria-expanded=\"false\">\n\t\t\t\t\t\t\t\t\t\t\t\t\t<span class=\"elementor-accordion-icon elementor-accordion-icon-left\" aria-hidden=\"true\">\n\t\t\t\t\t\t\t\t\t\t\t\t\t\t\t<span class=\"elementor-accordion-icon-closed\"><i class=\"fas fa-caret-right\"><\/i><\/span>\n\t\t\t\t\t\t\t\t<span class=\"elementor-accordion-icon-opened\"><i class=\"fas fa-caret-down\"><\/i><\/span>\n\t\t\t\t\t\t\t\t\t\t\t\t\t\t<\/span>\n\t\t\t\t\t\t\t\t\t\t\t\t<a class=\"elementor-accordion-title\" tabindex=\"0\">Finns det matbutiker utmed leden?<\/a>\n\t\t\t\t\t<\/div>\n\t\t\t\t\t<div id=\"elementor-tab-content-3548\" class=\"elementor-tab-content elementor-clearfix\" data-tab=\"8\" role=\"region\" aria-labelledby=\"elementor-tab-title-3548\"><p>Ja, p\u00e5 m\u00e5nga str\u00e4ckor finns restauranger och caf\u00e9er d\u00e4r man kan f\u00e5 njuta en stund och ta en paus i vandringen. Passa p\u00e5 att bes\u00f6ka n\u00e5gon av de sm\u00e5 lokala restaurangerna med hemlagat och ekologiskt. De matbutiker som finns \u00e4r framf\u00f6rallt Ica och Coop. P\u00e5 vissa st\u00e4llen \u00e4r det l\u00e5ngt mellan aff\u00e4rerna, bland annat p\u00e5 str\u00e4ckan Borgsj\u00f6-Br\u00e4cke och Duved-Vuku (fyra dagars vandring) s\u00e5 det g\u00e4ller att planera i f\u00f6rv\u00e4g. (I Duved finns en Ica-aff\u00e4r)<\/p>\n<\/div>\n\t\t\t\t<\/div>\n\t\t\t\t\t\t\t<div class=\"elementor-accordion-item\">\n\t\t\t\t\t<div id=\"elementor-tab-title-3549\" class=\"elementor-tab-title\" data-tab=\"9\" role=\"button\" aria-controls=\"elementor-tab-content-3549\" aria-expanded=\"false\">\n\t\t\t\t\t\t\t\t\t\t\t\t\t<span class=\"elementor-accordion-icon elementor-accordion-icon-left\" aria-hidden=\"true\">\n\t\t\t\t\t\t\t\t\t\t\t\t\t\t\t<span class=\"elementor-accordion-icon-closed\"><i class=\"fas fa-caret-right\"><\/i><\/span>\n\t\t\t\t\t\t\t\t<span class=\"elementor-accordion-icon-opened\"><i class=\"fas fa-caret-down\"><\/i><\/span>\n\t\t\t\t\t\t\t\t\t\t\t\t\t\t<\/span>\n\t\t\t\t\t\t\t\t\t\t\t\t<a class=\"elementor-accordion-title\" tabindex=\"0\">Hur betalar man?<\/a>\n\t\t\t\t\t<\/div>\n\t\t\t\t\t<div id=\"elementor-tab-content-3549\" class=\"elementor-tab-content elementor-clearfix\" data-tab=\"9\" role=\"region\" aria-labelledby=\"elementor-tab-title-3549\"><p>I Sverige och Norge g\u00e5r det bra att handla med kontokort som Visa och Mastercard, det fungerar i de flesta butiker. Vad g\u00e4ller boendena s\u00e5 tar hotell och de st\u00f6rre boendeanl\u00e4ggningarna kort, men hos de privata boendena \u00e4r det oftast kontant betalning eller swish som g\u00e4ller.<\/p>\n<\/div>\n\t\t\t\t<\/div>\n\t\t\t\t\t\t\t<div class=\"elementor-accordion-item\">\n\t\t\t\t\t<div id=\"elementor-tab-title-35410\" class=\"elementor-tab-title\" data-tab=\"10\" role=\"button\" aria-controls=\"elementor-tab-content-35410\" aria-expanded=\"false\">\n\t\t\t\t\t\t\t\t\t\t\t\t\t<span class=\"elementor-accordion-icon elementor-accordion-icon-left\" aria-hidden=\"true\">\n\t\t\t\t\t\t\t\t\t\t\t\t\t\t\t<span class=\"elementor-accordion-icon-closed\"><i class=\"fas fa-caret-right\"><\/i><\/span>\n\t\t\t\t\t\t\t\t<span class=\"elementor-accordion-icon-opened\"><i class=\"fas fa-caret-down\"><\/i><\/span>\n\t\t\t\t\t\t\t\t\t\t\t\t\t\t<\/span>\n\t\t\t\t\t\t\t\t\t\t\t\t<a class=\"elementor-accordion-title\" tabindex=\"0\">Kan jag vandra S:t Olavsleden med min hund?<\/a>\n\t\t\t\t\t<\/div>\n\t\t\t\t\t<div id=\"elementor-tab-content-35410\" class=\"elementor-tab-content elementor-clearfix\" data-tab=\"10\" role=\"region\" aria-labelledby=\"elementor-tab-title-35410\"><p>Det g\u00e5r bra att ta med sig hunden p\u00e5 sin vandring l\u00e4ngs S:t Olavsleden, men t\u00e4nk p\u00e5 att speciella regler g\u00e4ller f\u00f6r att ta med sig hunden \u00f6ver gr\u00e4nsen och in i Norge. L\u00e4s mer om vad som g\u00e4ller p\u00e5 norska myndigheten\u00a0<a href=\"https:\/\/www.mattilsynet.no\/dyr_og_dyrehold\/reise_med_kjaledyr\/veileder_slik_reiser_du_med_kjaledyret_ditt\/\" target=\"_blank\" rel=\"noopener\">Mattilsynets hemsida.\u00a0<\/a><\/p>\n<p>T\u00e4nk \u00e4ven p\u00e5 att vissa hundraser \u00e4r f\u00f6rbjudna i Norge och ej f\u00e5r tas med in i landen. Den aktuella f\u00f6rbudslistan g\u00e5r att hitta\u00a0<a href=\"https:\/\/www.mattilsynet.no\/dyr_og_dyrehold\/kjaledyr_og_konkurransedyr\/hund\/forbudte_hunder_raser.5704\" target=\"_blank\" rel=\"noopener\">h\u00e4r.<\/a><\/p>\n<\/div>\n\t\t\t\t<\/div>\n\t\t\t\t\t\t\t\t<\/div>\n\t\t\t\t\t\t<\/div>\n\t\t\t\t<\/div>\n\t\t\t\t\t<\/div>\n\t\t<\/div>\n\t\t\t\t<div class=\"elementor-column elementor-col-50 elementor-top-column elementor-element elementor-element-9f2e2ba\" data-id=\"9f2e2ba\" data-element_type=\"column\" data-e-type=\"column\">\n\t\t\t<div class=\"elementor-widget-wrap elementor-element-populated\">\n\t\t\t\t\t\t<div class=\"elementor-element elementor-element-2b09cc9 elementor-widget elementor-widget-accordion\" data-id=\"2b09cc9\" data-element_type=\"widget\" data-e-type=\"widget\" data-widget_type=\"accordion.default\">\n\t\t\t\t<div class=\"elementor-widget-container\">\n\t\t\t\t\t\t\t<div class=\"elementor-accordion\">\n\t\t\t\t\t\t\t<div class=\"elementor-accordion-item\">\n\t\t\t\t\t<div id=\"elementor-tab-title-4511\" class=\"elementor-tab-title\" data-tab=\"1\" role=\"button\" aria-controls=\"elementor-tab-content-4511\" aria-expanded=\"false\">\n\t\t\t\t\t\t\t\t\t\t\t\t\t<span class=\"elementor-accordion-icon elementor-accordion-icon-left\" aria-hidden=\"true\">\n\t\t\t\t\t\t\t\t\t\t\t\t\t\t\t<span class=\"elementor-accordion-icon-closed\"><i class=\"fas fa-caret-right\"><\/i><\/span>\n\t\t\t\t\t\t\t\t<span class=\"elementor-accordion-icon-opened\"><i class=\"fas fa-caret-down\"><\/i><\/span>\n\t\t\t\t\t\t\t\t\t\t\t\t\t\t<\/span>\n\t\t\t\t\t\t\t\t\t\t\t\t<a class=\"elementor-accordion-title\" tabindex=\"0\">Finns det n\u00e5gra farliga djur?<\/a>\n\t\t\t\t\t<\/div>\n\t\t\t\t\t<div id=\"elementor-tab-content-4511\" class=\"elementor-tab-content elementor-clearfix\" data-tab=\"1\" role=\"region\" aria-labelledby=\"elementor-tab-title-4511\"><p>Nej, det finns inga djur som \u00e4r farliga f\u00f6r oss m\u00e4nniskor utmed leden. Men kom ih\u00e5g att visa h\u00e4nsyn mot de djur du m\u00f6ter.<\/p><\/div>\n\t\t\t\t<\/div>\n\t\t\t\t\t\t\t<div class=\"elementor-accordion-item\">\n\t\t\t\t\t<div id=\"elementor-tab-title-4512\" class=\"elementor-tab-title\" data-tab=\"2\" role=\"button\" aria-controls=\"elementor-tab-content-4512\" aria-expanded=\"false\">\n\t\t\t\t\t\t\t\t\t\t\t\t\t<span class=\"elementor-accordion-icon elementor-accordion-icon-left\" aria-hidden=\"true\">\n\t\t\t\t\t\t\t\t\t\t\t\t\t\t\t<span class=\"elementor-accordion-icon-closed\"><i class=\"fas fa-caret-right\"><\/i><\/span>\n\t\t\t\t\t\t\t\t<span class=\"elementor-accordion-icon-opened\"><i class=\"fas fa-caret-down\"><\/i><\/span>\n\t\t\t\t\t\t\t\t\t\t\t\t\t\t<\/span>\n\t\t\t\t\t\t\t\t\t\t\t\t<a class=\"elementor-accordion-title\" tabindex=\"0\">G\u00e5r det att dricka vattnet i b\u00e4ckar och sj\u00f6ar?<\/a>\n\t\t\t\t\t<\/div>\n\t\t\t\t\t<div id=\"elementor-tab-content-4512\" class=\"elementor-tab-content elementor-clearfix\" data-tab=\"2\" role=\"region\" aria-labelledby=\"elementor-tab-title-4512\"><p>Ja, p\u00e5 de allra flesta st\u00e4llen. V\u00e4lj ett vattendrag med rinnande vatten, d\u00e4r vattnet inte st\u00e5r stilla.<\/p><\/div>\n\t\t\t\t<\/div>\n\t\t\t\t\t\t\t<div class=\"elementor-accordion-item\">\n\t\t\t\t\t<div id=\"elementor-tab-title-4513\" class=\"elementor-tab-title\" data-tab=\"3\" role=\"button\" aria-controls=\"elementor-tab-content-4513\" aria-expanded=\"false\">\n\t\t\t\t\t\t\t\t\t\t\t\t\t<span class=\"elementor-accordion-icon elementor-accordion-icon-left\" aria-hidden=\"true\">\n\t\t\t\t\t\t\t\t\t\t\t\t\t\t\t<span class=\"elementor-accordion-icon-closed\"><i class=\"fas fa-caret-right\"><\/i><\/span>\n\t\t\t\t\t\t\t\t<span class=\"elementor-accordion-icon-opened\"><i class=\"fas fa-caret-down\"><\/i><\/span>\n\t\t\t\t\t\t\t\t\t\t\t\t\t\t<\/span>\n\t\t\t\t\t\t\t\t\t\t\t\t<a class=\"elementor-accordion-title\" tabindex=\"0\">G\u00e5r det att cykla l\u00e4ngs S:t Olavsleden?<\/a>\n\t\t\t\t\t<\/div>\n\t\t\t\t\t<div id=\"elementor-tab-content-4513\" class=\"elementor-tab-content elementor-clearfix\" data-tab=\"3\" role=\"region\" aria-labelledby=\"elementor-tab-title-4513\"><p>Ja, det g\u00e5r alldeles utm\u00e4rkt. Kolla in <a href=\"https:\/\/stolavsleden.com\/sv\/cykling\/\">sidan som handlar om cykel<\/a>, d\u00e4r finns r\u00e5d och tips samt en egen FAQ bara f\u00f6r cyklister!<\/p><\/div>\n\t\t\t\t<\/div>\n\t\t\t\t\t\t\t<div class=\"elementor-accordion-item\">\n\t\t\t\t\t<div id=\"elementor-tab-title-4514\" class=\"elementor-tab-title\" data-tab=\"4\" role=\"button\" aria-controls=\"elementor-tab-content-4514\" aria-expanded=\"false\">\n\t\t\t\t\t\t\t\t\t\t\t\t\t<span class=\"elementor-accordion-icon elementor-accordion-icon-left\" aria-hidden=\"true\">\n\t\t\t\t\t\t\t\t\t\t\t\t\t\t\t<span class=\"elementor-accordion-icon-closed\"><i class=\"fas fa-caret-right\"><\/i><\/span>\n\t\t\t\t\t\t\t\t<span class=\"elementor-accordion-icon-opened\"><i class=\"fas fa-caret-down\"><\/i><\/span>\n\t\t\t\t\t\t\t\t\t\t\t\t\t\t<\/span>\n\t\t\t\t\t\t\t\t\t\t\t\t<a class=\"elementor-accordion-title\" tabindex=\"0\">G\u00e5r det att rida l\u00e4ngs S:t Olavsleden?<\/a>\n\t\t\t\t\t<\/div>\n\t\t\t\t\t<div id=\"elementor-tab-content-4514\" class=\"elementor-tab-content elementor-clearfix\" data-tab=\"4\" role=\"region\" aria-labelledby=\"elementor-tab-title-4514\"><p>Ja, det g\u00e5r bra men det kr\u00e4ver lite extra planering kring boende och f\u00f6r att kunna passera gr\u00e4nsen mellan Sverige och Norge. L\u00e4s mer p\u00e5 v\u00e5r sida som handlar om att <a href=\"https:\/\/stolavsleden.com\/sv\/ridning\/\">rida l\u00e4ngs leden.<\/a><\/p><\/div>\n\t\t\t\t<\/div>\n\t\t\t\t\t\t\t<div class=\"elementor-accordion-item\">\n\t\t\t\t\t<div id=\"elementor-tab-title-4515\" class=\"elementor-tab-title\" data-tab=\"5\" role=\"button\" aria-controls=\"elementor-tab-content-4515\" aria-expanded=\"false\">\n\t\t\t\t\t\t\t\t\t\t\t\t\t<span class=\"elementor-accordion-icon elementor-accordion-icon-left\" aria-hidden=\"true\">\n\t\t\t\t\t\t\t\t\t\t\t\t\t\t\t<span class=\"elementor-accordion-icon-closed\"><i class=\"fas fa-caret-right\"><\/i><\/span>\n\t\t\t\t\t\t\t\t<span class=\"elementor-accordion-icon-opened\"><i class=\"fas fa-caret-down\"><\/i><\/span>\n\t\t\t\t\t\t\t\t\t\t\t\t\t\t<\/span>\n\t\t\t\t\t\t\t\t\t\t\t\t<a class=\"elementor-accordion-title\" tabindex=\"0\">Vad ska jag ta med mig p\u00e5 min resa?<\/a>\n\t\t\t\t\t<\/div>\n\t\t\t\t\t<div id=\"elementor-tab-content-4515\" class=\"elementor-tab-content elementor-clearfix\" data-tab=\"5\" role=\"region\" aria-labelledby=\"elementor-tab-title-4515\"><p>Sovs\u00e4ck och\/eller s\u00e4ngkl\u00e4der, termos\/vattenflaska, ryggs\u00e4ck, regnkl\u00e4der, (varma) kl\u00e4der, bra promenadskor (helst vattent\u00e4ta), f\u00f6rsta hj\u00e4lpen och skavs\u00e5rspl\u00e5ster, pass. Se ocks\u00e5 till s\u00e5 att du \u00e4r f\u00f6rs\u00e4krad.<\/p><\/div>\n\t\t\t\t<\/div>\n\t\t\t\t\t\t\t<div class=\"elementor-accordion-item\">\n\t\t\t\t\t<div id=\"elementor-tab-title-4516\" class=\"elementor-tab-title\" data-tab=\"6\" role=\"button\" aria-controls=\"elementor-tab-content-4516\" aria-expanded=\"false\">\n\t\t\t\t\t\t\t\t\t\t\t\t\t<span class=\"elementor-accordion-icon elementor-accordion-icon-left\" aria-hidden=\"true\">\n\t\t\t\t\t\t\t\t\t\t\t\t\t\t\t<span class=\"elementor-accordion-icon-closed\"><i class=\"fas fa-caret-right\"><\/i><\/span>\n\t\t\t\t\t\t\t\t<span class=\"elementor-accordion-icon-opened\"><i class=\"fas fa-caret-down\"><\/i><\/span>\n\t\t\t\t\t\t\t\t\t\t\t\t\t\t<\/span>\n\t\t\t\t\t\t\t\t\t\t\t\t<a class=\"elementor-accordion-title\" tabindex=\"0\">Finns det n\u00e5gon guidebok om leden?<\/a>\n\t\t\t\t\t<\/div>\n\t\t\t\t\t<div id=\"elementor-tab-content-4516\" class=\"elementor-tab-content elementor-clearfix\" data-tab=\"6\" role=\"region\" aria-labelledby=\"elementor-tab-title-4516\"><p>Ja, det finns guideb\u00f6cker p\u00e5 fyra spr\u00e5k, svenska, engelska, tyska och holl\u00e4ndska. Den svenska guiden ger utf\u00f6rlig information om alla 29 delstr\u00e4ckorna samt om kultur-och naturupplevelser utmed leden.\u00a0<u><a href=\"https:\/\/stolavsledenshop.se\/\" target=\"_blank\" rel=\"noopener\">H\u00e4r kan du k\u00f6pa boken<\/a>.<\/u><\/p><\/div>\n\t\t\t\t<\/div>\n\t\t\t\t\t\t\t<div class=\"elementor-accordion-item\">\n\t\t\t\t\t<div id=\"elementor-tab-title-4517\" class=\"elementor-tab-title\" data-tab=\"7\" role=\"button\" aria-controls=\"elementor-tab-content-4517\" aria-expanded=\"false\">\n\t\t\t\t\t\t\t\t\t\t\t\t\t<span class=\"elementor-accordion-icon elementor-accordion-icon-left\" aria-hidden=\"true\">\n\t\t\t\t\t\t\t\t\t\t\t\t\t\t\t<span class=\"elementor-accordion-icon-closed\"><i class=\"fas fa-caret-right\"><\/i><\/span>\n\t\t\t\t\t\t\t\t<span class=\"elementor-accordion-icon-opened\"><i class=\"fas fa-caret-down\"><\/i><\/span>\n\t\t\t\t\t\t\t\t\t\t\t\t\t\t<\/span>\n\t\t\t\t\t\t\t\t\t\t\t\t<a class=\"elementor-accordion-title\" tabindex=\"0\">Turistbyr\u00e5er<\/a>\n\t\t\t\t\t<\/div>\n\t\t\t\t\t<div id=\"elementor-tab-content-4517\" class=\"elementor-tab-content elementor-clearfix\" data-tab=\"7\" role=\"region\" aria-labelledby=\"elementor-tab-title-4517\"><p>Det finns turistbyr\u00e5er p\u00e5 f\u00f6ljande orter efter leden;\u00a0<a href=\"https:\/\/visitsundsvall.se\/\" target=\"_blank\" rel=\"noreferrer noopener\"><strong>Sundsvall<\/strong>,<\/a>\u00a0<strong><a href=\"https:\/\/www.ange.se\/uppleva-och-gora\/turism-besok-ange-kommun\/naturum-ange.html\" target=\"_blank\" rel=\"noreferrer noopener\">Borgsj\u00f6<\/a><\/strong>,\u00a0<strong><a href=\"http:\/\/visitostersund.se\/home\/\" target=\"_blank\" rel=\"noreferrer noopener\">\u00d6stersund<\/a><\/strong>,\u00a0<strong><a href=\"https:\/\/aresweden.com\/en\/\" target=\"_blank\" rel=\"noreferrer noopener\">\u00c5re<\/a><\/strong>\u00a0and\u00a0<strong><a href=\"http:\/\/www.trondheim.no\/engelsk\/\" target=\"_blank\" rel=\"noreferrer noopener\">Trondheim<\/a><\/strong>. Det finns flera Info Points i<a href=\"https:\/\/krokom.se\/se-och-gora\/infopoints.html\" target=\"_blank\" rel=\"noreferrer noopener\"><strong>\u00a0Krokoms kommun.\u00a0<\/strong><\/a>D\u00e4r kan du k\u00f6pa och st\u00e4mpla ditt pilgrimspass och \u00e4ven f\u00e5 bra information om omr\u00e5det du befinner dig i. Observera deras \u00f6ppettider.<\/p><\/div>\n\t\t\t\t<\/div>\n\t\t\t\t\t\t\t<div class=\"elementor-accordion-item\">\n\t\t\t\t\t<div id=\"elementor-tab-title-4518\" class=\"elementor-tab-title\" data-tab=\"8\" role=\"button\" aria-controls=\"elementor-tab-content-4518\" aria-expanded=\"false\">\n\t\t\t\t\t\t\t\t\t\t\t\t\t<span class=\"elementor-accordion-icon elementor-accordion-icon-left\" aria-hidden=\"true\">\n\t\t\t\t\t\t\t\t\t\t\t\t\t\t\t<span class=\"elementor-accordion-icon-closed\"><i class=\"fas fa-caret-right\"><\/i><\/span>\n\t\t\t\t\t\t\t\t<span class=\"elementor-accordion-icon-opened\"><i class=\"fas fa-caret-down\"><\/i><\/span>\n\t\t\t\t\t\t\t\t\t\t\t\t\t\t<\/span>\n\t\t\t\t\t\t\t\t\t\t\t\t<a class=\"elementor-accordion-title\" tabindex=\"0\">Pilgrimscenter<\/a>\n\t\t\t\t\t<\/div>\n\t\t\t\t\t<div id=\"elementor-tab-content-4518\" class=\"elementor-tab-content elementor-clearfix\" data-tab=\"8\" role=\"region\" aria-labelledby=\"elementor-tab-title-4518\"><p>Det finns\u00a0tv\u00e5 stycken pilgrimscentrum efter leden:\u00a0<a href=\"https:\/\/stiklestad.no\/\" target=\"_blank\" rel=\"noreferrer noopener\" aria-label=\" (opens in a new tab)\"><strong>Stiklestad National Culture Centre<\/strong><\/a>\u00a0och\u00a0<strong><a href=\"https:\/\/pilegrimsleden.no\/en\/regionale-pilegrimssentre\/nidaros-pilegrimsgard\" target=\"_blank\" rel=\"noreferrer noopener\" aria-label=\" (opens in a new tab)\">Nidaros pilegrimsg\u00e5rd<\/a><\/strong>\u00a0i Trondheim. H\u00e4r kan du f\u00e5 bra information om leden och h\u00e4mta ut pilgrimspass. I Trondheim f\u00e5r du \u00e4ven ditt diplom. L\u00e4s mer under rubriken\u00a0<a href=\"https:\/\/stolavsleden.com\/sv\/pilgrimsfarden\/\">Pilgrimsf\u00e4rden<\/a>.<\/p><\/div>\n\t\t\t\t<\/div>\n\t\t\t\t\t\t\t<div class=\"elementor-accordion-item\">\n\t\t\t\t\t<div id=\"elementor-tab-title-4519\" class=\"elementor-tab-title\" data-tab=\"9\" role=\"button\" aria-controls=\"elementor-tab-content-4519\" aria-expanded=\"false\">\n\t\t\t\t\t\t\t\t\t\t\t\t\t<span class=\"elementor-accordion-icon elementor-accordion-icon-left\" aria-hidden=\"true\">\n\t\t\t\t\t\t\t\t\t\t\t\t\t\t\t<span class=\"elementor-accordion-icon-closed\"><i class=\"fas fa-caret-right\"><\/i><\/span>\n\t\t\t\t\t\t\t\t<span class=\"elementor-accordion-icon-opened\"><i class=\"fas fa-caret-down\"><\/i><\/span>\n\t\t\t\t\t\t\t\t\t\t\t\t\t\t<\/span>\n\t\t\t\t\t\t\t\t\t\t\t\t<a class=\"elementor-accordion-title\" tabindex=\"0\">Pilgrimspass, st\u00e4mplar och diplom<\/a>\n\t\t\t\t\t<\/div>\n\t\t\t\t\t<div id=\"elementor-tab-content-4519\" class=\"elementor-tab-content elementor-clearfix\" data-tab=\"9\" role=\"region\" aria-labelledby=\"elementor-tab-title-4519\"><p>Pilgrimspass och st\u00e4mplar har en l\u00e5ng tradition som f\u00f6rr i tiden intygade att man var en sann pilgrim. \u00c4ven i dag finns det pilgrimspass, nu mer som en fin symbol och ett trevligt resminne. Vill du ha diplom \u00f6ver din vandring beh\u00f6ver du ett pilgrimspass med st\u00e4mplar som visar att du g\u00e5tt minst de sista 10 milen eller cyklat\/ridit de sista 20 mil till Trondheim.<\/p><p><em>St\u00e4mpla<\/em>\u00a0kan du g\u00f6ra vid boendest\u00e4llen, kyrkor och andra st\u00e4llen efter leden.<\/p><p><em>Pilgrimsdiplom<\/em>, kan du k\u00f6pa f\u00f6r en symbolisk summa p\u00e5:<\/p><ul><li>Alla turistbyr\u00e5er l\u00e4ngs leden (observera deras \u00f6ppettider)<\/li><li>Kulturmagasinet Sundsvall<\/li><li><span data-olk-copy-source=\"MessageBody\">Revsunds Pilgrimscenter<\/span><\/li><li><span data-olk-copy-source=\"MessageBody\">Fr\u00f6s\u00f6 Pilgrimcenter<\/span><\/li><li>Kulturcentrat i Stiklestad<\/li><li>Nidaros pilegrimsg\u00e5rd i Trondheim<\/li><li><a href=\"https:\/\/stolavsledenshop.se\/\" target=\"_blank\" rel=\"noopener\"><u>S:t Olavsledens shop<\/u><\/a><\/li><\/ul><\/div>\n\t\t\t\t<\/div>\n\t\t\t\t\t\t\t<div class=\"elementor-accordion-item\">\n\t\t\t\t\t<div id=\"elementor-tab-title-45110\" class=\"elementor-tab-title\" data-tab=\"10\" role=\"button\" aria-controls=\"elementor-tab-content-45110\" aria-expanded=\"false\">\n\t\t\t\t\t\t\t\t\t\t\t\t\t<span class=\"elementor-accordion-icon elementor-accordion-icon-left\" aria-hidden=\"true\">\n\t\t\t\t\t\t\t\t\t\t\t\t\t\t\t<span class=\"elementor-accordion-icon-closed\"><i class=\"fas fa-caret-right\"><\/i><\/span>\n\t\t\t\t\t\t\t\t<span class=\"elementor-accordion-icon-opened\"><i class=\"fas fa-caret-down\"><\/i><\/span>\n\t\t\t\t\t\t\t\t\t\t\t\t\t\t<\/span>\n\t\t\t\t\t\t\t\t\t\t\t\t<a class=\"elementor-accordion-title\" tabindex=\"0\">Internet<\/a>\n\t\t\t\t\t<\/div>\n\t\t\t\t\t<div id=\"elementor-tab-content-45110\" class=\"elementor-tab-content elementor-clearfix\" data-tab=\"10\" role=\"region\" aria-labelledby=\"elementor-tab-title-45110\"><p>I Sverige och Norge efter S:t Olavsleden \u00e4r 4G bra utbyggt. Flera av boendena erbjuder \u00e4ven wi-fi till sina g\u00e4ster och p\u00e5 turistbyr\u00e5erna finns wi-fi att tillg\u00e5.<\/p><\/div>\n\t\t\t\t<\/div>\n\t\t\t\t\t\t\t<div class=\"elementor-accordion-item\">\n\t\t\t\t\t<div id=\"elementor-tab-title-45111\" class=\"elementor-tab-title\" data-tab=\"11\" role=\"button\" aria-controls=\"elementor-tab-content-45111\" aria-expanded=\"false\">\n\t\t\t\t\t\t\t\t\t\t\t\t\t<span class=\"elementor-accordion-icon elementor-accordion-icon-left\" aria-hidden=\"true\">\n\t\t\t\t\t\t\t\t\t\t\t\t\t\t\t<span class=\"elementor-accordion-icon-closed\"><i class=\"fas fa-caret-right\"><\/i><\/span>\n\t\t\t\t\t\t\t\t<span class=\"elementor-accordion-icon-opened\"><i class=\"fas fa-caret-down\"><\/i><\/span>\n\t\t\t\t\t\t\t\t\t\t\t\t\t\t<\/span>\n\t\t\t\t\t\t\t\t\t\t\t\t<a class=\"elementor-accordion-title\" tabindex=\"0\">Larmnummer vid akuta h\u00e4ndelser<\/a>\n\t\t\t\t\t<\/div>\n\t\t\t\t\t<div id=\"elementor-tab-content-45111\" class=\"elementor-tab-content elementor-clearfix\" data-tab=\"11\" role=\"region\" aria-labelledby=\"elementor-tab-title-45111\"><p>Sverige: SOS 112 (akuta h\u00e4ndelser), Polisen 114 14 (ej akuta h\u00e4ndelser)<\/p><p>Norge: Ambulans 113, Polis 112, Brand 110<\/p><\/div>\n\t\t\t\t<\/div>\n\t\t\t\t\t\t\t\t<\/div>\n\t\t\t\t\t\t<\/div>\n\t\t\t\t<\/div>\n\t\t\t\t\t<\/div>\n\t\t<\/div>\n\t\t\t\t\t<\/div>\n\t\t<\/section>\n\t\t\t\t<\/div>\n\t\t","protected":false},"excerpt":{"rendered":"<p>Vad \u00e4r S:t Olavsleden? S:t Olavsleden \u00e4r en pilgrimsled fr\u00e5n medeltiden. Leden str\u00e4cker sig genom ett svenskt\/norskt kulturlandskap fr\u00e5n Bottenhavet i \u00f6ster till Atlanten i v\u00e4ster, fr\u00e5n Sel\u00e5nger (Sverige) till Trondheim (Norge). Det var i Sel\u00e5nger vikingen Olav Haraldsson landsteg \u00e5r 1030 och p\u00e5b\u00f6rjade vandringen till Norge och Trondheim f\u00f6r att \u00e5terta makten efter tv\u00e5 [&hellip;]<\/p>\n","protected":false},"author":3,"featured_media":2235,"parent":0,"menu_order":0,"comment_status":"closed","ping_status":"closed","template":"","meta":{"_acf_changed":false,"footnotes":""},"class_list":["post-2234","page","type-page","status-publish","has-post-thumbnail","hentry"],"acf":[],"_links":{"self":[{"href":"https:\/\/stolavsleden.com\/sv\/wp-json\/wp\/v2\/pages\/2234","targetHints":{"allow":["GET"]}}],"collection":[{"href":"https:\/\/stolavsleden.com\/sv\/wp-json\/wp\/v2\/pages"}],"about":[{"href":"https:\/\/stolavsleden.com\/sv\/wp-json\/wp\/v2\/types\/page"}],"author":[{"embeddable":true,"href":"https:\/\/stolavsleden.com\/sv\/wp-json\/wp\/v2\/users\/3"}],"replies":[{"embeddable":true,"href":"https:\/\/stolavsleden.com\/sv\/wp-json\/wp\/v2\/comments?post=2234"}],"version-history":[{"count":3,"href":"https:\/\/stolavsleden.com\/sv\/wp-json\/wp\/v2\/pages\/2234\/revisions"}],"predecessor-version":[{"id":9387,"href":"https:\/\/stolavsleden.com\/sv\/wp-json\/wp\/v2\/pages\/2234\/revisions\/9387"}],"wp:featuredmedia":[{"embeddable":true,"href":"https:\/\/stolavsleden.com\/sv\/wp-json\/wp\/v2\/media\/2235"}],"wp:attachment":[{"href":"https:\/\/stolavsleden.com\/sv\/wp-json\/wp\/v2\/media?parent=2234"}],"curies":[{"name":"wp","href":"https:\/\/api.w.org\/{rel}","templated":true}]}}